{"id":13,"date":"2026-03-30T12:00:24","date_gmt":"2026-03-30T10:00:24","guid":{"rendered":"https:\/\/www.powerandpassion.se\/?page_id=13"},"modified":"2026-08-05T10:11:02","modified_gmt":"2026-08-05T08:11:02","slug":"startsida","status":"publish","type":"page","link":"https:\/\/www.powerandpassion.se\/","title":{"rendered":""},"content":{"rendered":"\t\t<div data-elementor-type=\"wp-page\" data-elementor-id=\"13\" class=\"elementor elementor-13\">\n\t\t\t\t<div class=\"elementor-element elementor-element-5eb6a92 e-con-full e-flex e-con e-parent\" data-id=\"5eb6a92\" data-element_type=\"container\" data-e-type=\"container\" data-settings=\"{&quot;background_background&quot;:&quot;slideshow&quot;,&quot;background_slideshow_gallery&quot;:[{&quot;id&quot;:16,&quot;url&quot;:&quot;https:\\\/\\\/www.powerandpassion.se\\\/wp-content\\\/uploads\\\/2026\\\/03\\\/Matchcup_22-6739-1.jpg&quot;}],&quot;background_slideshow_loop&quot;:&quot;yes&quot;,&quot;background_slideshow_slide_duration&quot;:5000,&quot;background_slideshow_slide_transition&quot;:&quot;fade&quot;,&quot;background_slideshow_transition_duration&quot;:500}\">\n\t\t<div class=\"elementor-element elementor-element-57eec21 e-flex e-con-boxed e-con e-child\" data-id=\"57eec21\" data-element_type=\"container\" data-e-type=\"container\">\n\t\t\t\t\t<div class=\"e-con-inner\">\n\t\t\t\t<div class=\"elementor-element elementor-element-385c89c elementor-widget elementor-widget-heading\" data-id=\"385c89c\" data-element_type=\"widget\" data-e-type=\"widget\" data-widget_type=\"heading.default\">\n\t\t\t\t\t<h2 class=\"elementor-heading-title elementor-size-default\">Power &amp; Passion<\/h2>\t\t\t\t<\/div>\n\t\t\t\t\t\t\t\t<p class=\"e-356fa51-7052374 e-paragraph-base\" data-interaction-id=\"356fa51\"  >\n\t\t\t\t\t\t\t\tVi bjuder in f\u00f6retagsledare, idrottare och&nbsp; akademin till samtal om hur idrottens verktyg kan bidra till f\u00f6retagsutveckling och hur n\u00e4ringslivet kan bli en m\u00f6jligg\u00f6rare f\u00f6r en starkare idrottsr\u00f6relse.\n\t\t\t\t\t<\/p>\n\t\t\t\t<div class=\"elementor-element elementor-element-590695a elementor-align-center elementor-widget elementor-widget-button\" data-id=\"590695a\" data-element_type=\"widget\" data-e-type=\"widget\" data-widget_type=\"button.default\">\n\t\t\t\t\t\t\t\t\t\t<a class=\"elementor-button elementor-button-link elementor-size-sm\" href=\"#Summit\" rel=\"nofollow\">\n\t\t\t\t\t\t<span class=\"elementor-button-content-wrapper\">\n\t\t\t\t\t\t\t\t\t<span class=\"elementor-button-text\">L\u00e4s mer<\/span>\n\t\t\t\t\t<\/span>\n\t\t\t\t\t<\/a>\n\t\t\t\t\t\t\t\t<\/div>\n\t\t\t\t\t<\/div>\n\t\t\t\t<\/div>\n\t\t\t\t<\/div>\n\t\t<div class=\"elementor-element elementor-element-e227e25 e-flex e-con-boxed e-con e-parent\" data-id=\"e227e25\" data-element_type=\"container\" data-e-type=\"container\" id=\"Summit\" data-settings=\"{&quot;background_background&quot;:&quot;classic&quot;}\">\n\t\t\t\t\t<div class=\"e-con-inner\">\n\t\t<div class=\"elementor-element elementor-element-b674b27 e-con-full e-flex e-con e-child\" data-id=\"b674b27\" data-element_type=\"container\" data-e-type=\"container\">\n\t\t\t\t<div class=\"elementor-element elementor-element-94ef948 e-transform elementor-widget elementor-widget-image\" data-id=\"94ef948\" data-element_type=\"widget\" data-e-type=\"widget\" data-settings=\"{&quot;_transform_scale_effect&quot;:{&quot;unit&quot;:&quot;px&quot;,&quot;size&quot;:1,&quot;sizes&quot;:[]},&quot;_transform_scale_effect_tablet&quot;:{&quot;unit&quot;:&quot;px&quot;,&quot;size&quot;:&quot;&quot;,&quot;sizes&quot;:[]},&quot;_transform_scale_effect_mobile&quot;:{&quot;unit&quot;:&quot;px&quot;,&quot;size&quot;:&quot;&quot;,&quot;sizes&quot;:[]}}\" data-widget_type=\"image.default\">\n\t\t\t\t\t\t\t\t\t\t\t\t\t\t\t<img fetchpriority=\"high\" decoding=\"async\" width=\"820\" height=\"1024\" src=\"https:\/\/www.powerandpassion.se\/wp-content\/uploads\/2026\/04\/MatchCupSweden-1803-1-820x1024.jpg\" class=\"attachment-large size-large wp-image-102\" alt=\"\" srcset=\"https:\/\/www.powerandpassion.se\/wp-content\/uploads\/2026\/04\/MatchCupSweden-1803-1-820x1024.jpg 820w, https:\/\/www.powerandpassion.se\/wp-content\/uploads\/2026\/04\/MatchCupSweden-1803-1-240x300.jpg 240w, https:\/\/www.powerandpassion.se\/wp-content\/uploads\/2026\/04\/MatchCupSweden-1803-1-768x959.jpg 768w, https:\/\/www.powerandpassion.se\/wp-content\/uploads\/2026\/04\/MatchCupSweden-1803-1-1230x1536.jpg 1230w, https:\/\/www.powerandpassion.se\/wp-content\/uploads\/2026\/04\/MatchCupSweden-1803-1.jpg 1269w\" sizes=\"(max-width: 820px) 100vw, 820px\" \/>\t\t\t\t\t\t\t\t\t\t\t\t\t\t\t<\/div>\n\t\t\t\t<\/div>\n\t\t<div class=\"elementor-element elementor-element-0bea3ab e-con-full e-flex e-con e-child\" data-id=\"0bea3ab\" data-element_type=\"container\" data-e-type=\"container\">\n\t\t\t\t<div class=\"elementor-element elementor-element-d05f68f elementor-widget elementor-widget-heading\" data-id=\"d05f68f\" data-element_type=\"widget\" data-e-type=\"widget\" data-widget_type=\"heading.default\">\n\t\t\t\t\t<h2 class=\"elementor-heading-title elementor-size-default\">Power &amp; Passion Summit<\/h2>\t\t\t\t<\/div>\n\t\t\t\t\t\t\t\t<p class=\"e-41eccb7-a2bdc84 e-paragraph-base\" data-interaction-id=\"41eccb7\"  >\n\t\t\t\t\t\t\t\tPower &amp; Passion Summit \u00e4r en ny nationell m\u00f6tesplats d\u00e4r idrott, n\u00e4ringsliv och samh\u00e4lle samlas f\u00f6r att utveckla framtidens prestationskultur.<br><br>V\u00e5r ambition \u00e4r att bygga Idrottens Almedalen \u2013 en \u00e5rlig arena d\u00e4r strategiska samtal leder till konkreta samarbeten. Genom strukturerade samtal, workshops och verkliga case skapar vi \u00f6msesidigt v\u00e4rde bortom traditionell sponsring \u2013 d\u00e4r idrottens prestationsf\u00f6rm\u00e5ga m\u00f6ter n\u00e4ringslivets behov av ledarskap, talang och h\u00e5llbar utveckling.<br><br>En plats d\u00e4r d\u00e4r vinnarskallar bygger v\u00e4rde.\n\t\t\t\t\t<\/p>\n\t\t\t\t\t\t\t\t<p class=\"e-0c08704-193e075 e-paragraph-base\" data-interaction-id=\"0c08704\"  >\n\t\t\t\t\t\t\t\t<em id=\"e-mnreuaia-qtisfq0\">Information om tid &amp; plats kommer l\u00e4ngre fram<\/em>\n\t\t\t\t\t<\/p>\n\t\t\t\t<\/div>\n\t\t\t\t\t<\/div>\n\t\t\t\t<\/div>\n\t\t<div class=\"elementor-element elementor-element-bff8ff4 e-flex e-con-boxed e-con e-parent\" data-id=\"bff8ff4\" data-element_type=\"container\" data-e-type=\"container\">\n\t\t\t\t\t<div class=\"e-con-inner\">\n\t\t<div class=\"elementor-element elementor-element-228e3a9 e-con-full e-flex e-con e-child\" data-id=\"228e3a9\" data-element_type=\"container\" data-e-type=\"container\">\n\t\t\t\t<div class=\"elementor-element elementor-element-ae2579d elementor-widget elementor-widget-heading\" data-id=\"ae2579d\" data-element_type=\"widget\" data-e-type=\"widget\" data-widget_type=\"heading.default\">\n\t\t\t\t\t<h2 class=\"elementor-heading-title elementor-size-default\">Podden<\/h2>\t\t\t\t<\/div>\n\t\t\t\t\t\t\t\t<p class=\"e-8966009-7d64db9 e-paragraph-base\" data-interaction-id=\"8966009\"  >\n\t\t\t\t\t\t\t\tPower &amp; Passion \u00e4r podden d\u00e4r idrott m\u00f6ter n\u00e4ringsliv. I varje avsnitt utforskar vi hur samarbeten mellan sportens drivkrafter och n\u00e4ringslivets resurser skapar nya v\u00e4gar till framg\u00e5ng, samh\u00e4llsnytta och h\u00e5llbar utveckling.&nbsp;<br><br>Genom samtal med elitidrottare, f\u00f6retagsledare, forskare och opinionsbildare f\u00e5r du insikter i vad som h\u00e4nder n\u00e4r v\u00e4rderingar, varum\u00e4rken och vinnarskallar krokar arm.&nbsp;<br><br>Oavsett om du \u00e4r beslutsfattare, idrottare, f\u00f6reningsledare eller bara nyfiken p\u00e5 kraften i samverkan \u2013 h\u00e4r f\u00e5r du inspiration att t\u00e4nka st\u00f6rre.\n\t\t\t\t\t<\/p>\n\t\t\t\t\t\t\t\t<p class=\"e-6189ef1-a9f003e e-paragraph-base\" data-interaction-id=\"6189ef1\"  >\n\t\t\t\t\t\t\t\t<em id=\"e-mnrgbld1-0o0ffez\">Lyssna nedan!<\/em>\n\t\t\t\t\t<\/p>\n\t\t\t\t<\/div>\n\t\t<div class=\"elementor-element elementor-element-f6b0cee e-con-full e-flex e-con e-child\" data-id=\"f6b0cee\" data-element_type=\"container\" data-e-type=\"container\">\n\t\t\t\t<div class=\"elementor-element elementor-element-793aa32 elementor-widget elementor-widget-image\" data-id=\"793aa32\" data-element_type=\"widget\" data-e-type=\"widget\" data-widget_type=\"image.default\">\n\t\t\t\t\t\t\t\t\t\t\t\t\t\t\t<img decoding=\"async\" width=\"240\" height=\"300\" src=\"https:\/\/www.powerandpassion.se\/wp-content\/uploads\/2026\/04\/Frida-4x5_00000021-240x300.png\" class=\"attachment-medium size-medium wp-image-112\" alt=\"\" srcset=\"https:\/\/www.powerandpassion.se\/wp-content\/uploads\/2026\/04\/Frida-4x5_00000021-240x300.png 240w, https:\/\/www.powerandpassion.se\/wp-content\/uploads\/2026\/04\/Frida-4x5_00000021-819x1024.png 819w, https:\/\/www.powerandpassion.se\/wp-content\/uploads\/2026\/04\/Frida-4x5_00000021-768x960.png 768w, https:\/\/www.powerandpassion.se\/wp-content\/uploads\/2026\/04\/Frida-4x5_00000021-1229x1536.png 1229w, https:\/\/www.powerandpassion.se\/wp-content\/uploads\/2026\/04\/Frida-4x5_00000021-1638x2048.png 1638w, https:\/\/www.powerandpassion.se\/wp-content\/uploads\/2026\/04\/Frida-4x5_00000021.png 1728w\" sizes=\"(max-width: 240px) 100vw, 240px\" \/>\t\t\t\t\t\t\t\t\t\t\t\t\t\t\t<\/div>\n\t\t\t\t<\/div>\n\t\t<div class=\"elementor-element elementor-element-f30f443 e-con-full e-transform pp-episode-list e-flex e-con e-child\" data-id=\"f30f443\" data-element_type=\"container\" data-e-type=\"container\" data-settings=\"{&quot;_transform_scale_effect_mobile&quot;:{&quot;unit&quot;:&quot;px&quot;,&quot;size&quot;:0.8000000000000000444089209850062616169452667236328125,&quot;sizes&quot;:[]},&quot;_transform_scale_effect&quot;:{&quot;unit&quot;:&quot;px&quot;,&quot;size&quot;:&quot;&quot;,&quot;sizes&quot;:[]},&quot;_transform_scale_effect_tablet&quot;:{&quot;unit&quot;:&quot;px&quot;,&quot;size&quot;:&quot;&quot;,&quot;sizes&quot;:[]}}\">\n\t\t\t\t<div class=\"elementor-element elementor-element-a7537e1 elementor-widget elementor-widget-shortcode\" data-id=\"a7537e1\" data-element_type=\"widget\" data-e-type=\"widget\" data-widget_type=\"shortcode.default\">\n\t\t\t\t\t\t\t<div class=\"elementor-shortcode\"><div id=\"jesaei-player-container\" class=\"pro-active-no \"><div id=\"jesaei-player-loading-animation\" class=\"lds-ellipsis\"><div><\/div><div><\/div><div><\/div><div><\/div><\/div><div id=\"jesaei-anchor-podcast-iframe-container\"><iframe id=\"jesaei-anchor-podcast-iframe\" src=\"https:\/\/anchor.fm\/s\/106c4122c\/embed\" style=\"width: 100%;\" frameborder=\"0\" scrolling=\"no\" name=\"jesaei_podcast_iframe\"><\/iframe><\/div><div id=\"jesaei-podcast-list-container\" class=\"jesaei-podcast-list-container styles__episodeFeed___3mOKz\">\n        <div class=\"styles__episodeFeedItem___1U6E2 \">\n          <span class=\"styles__isActiveEpisode___cXlB4\"><\/span>  \n          <a class=\"jesaeip-episode-play-btn podcast-list-link styles__episodeImage___tMifW\" href=\"https:\/\/creators.spotify.com\/pod\/show\/106c4122c\/embed\/episodes\/Anton-Dahlberg--Lovisa-Karlsson-e3najq3\" target=\"jesaei_podcast_iframe\" aria-label=\"Play Anton Dahlberg &amp; Lovisa Karlsson\">\n            <img decoding=\"async\" src=\"https:\/\/d3t3ozftmdmh3i.cloudfront.net\/staging\/podcast_uploaded_nologo\/43984803\/43984803-1751436298611-26cbb76f889f5.jpg\" alt=\"Anton Dahlberg &amp; Lovisa Karlsson\">\n            <button class=\"styles__circle___1g-9u styles__white___372tQ styles__playButton___1Ivi4 styles__playButton___1uaGA\" aria-label=\"Play\" style=\"height: 31px; min-height: 31px; width: 31px; min-width: 31px; border-radius: 16px;\">\n            \n    <svg class=\"jesaeip-episode-play-icon\" xmlns=\"http:\/\/www.w3.org\/2000\/svg\" viewBox=\"-1 0 11 12\" width=\"13\" height=\"13\">\n        <rect width=\"12\" height=\"12\" fill=\"none\"><\/rect>\n        <path d=\"M1 .81v10.38a.76.76 0 0 0 .75.75.67.67 0 0 0 .39-.12l8.42-5.18a.75.75 0 0 0 0-1.28L2.14.18a.75.75 0 0 0-1 .24.79.79 0 0 0-.14.39z\" fill=\"#282F36\"><\/path>\n    <\/svg>\n            \n    <svg class=\"jesaeip-episode-pause-icon\" viewBox=\"0 0 12 12\" xmlns=\"http:\/\/www.w3.org\/2000\/svg\" width=\"13\" height=\"13\" aria-label=\"pause icon\">\n        <rect x=\".03\" width=\"12\" height=\"12\" fill=\"none\"><\/rect>\n        <path d=\"M8.45 0h1.83a.75.75 0 0 1 .72.75v10.5a.75.75 0 0 1-.75.75h-1.8a.75.75 0 0 1-.75-.75V.75A.75.75 0 0 1 8.45 0zM1.78 0h1.83a.75.75 0 0 1 .75.75v10.5a.75.75 0 0 1-.75.75H1.78a.76.76 0 0 1-.78-.75V.75A.76.76 0 0 1 1.78 0z\" fill=\"#282F36\"><\/path>\n    <\/svg>\n            <\/button>\n          <\/a>\n          <a class=\"podcast-list-link\" href=\"https:\/\/creators.spotify.com\/pod\/show\/106c4122c\/embed\/episodes\/Anton-Dahlberg--Lovisa-Karlsson-e3najq3\" target=\"jesaei_podcast_iframe\" data-audio-url=\"https:\/\/anchor.fm\/s\/106c4122c\/podcast\/play\/124128515\/https%3A%2F%2Fd3ctxlq1ktw2nl.cloudfront.net%2Fstaging%2F2026-7-12%2F429712469-44100-2-216ec03c5937e.mp3\" aria-label=\"Anton Dahlberg &amp; Lovisa Karlsson\">\n            <div class=\"styles__episodeHeading___29q7v\">\n              <div>\n                <div>Anton Dahlberg &amp; Lovisa Karlsson<\/div>\n              <\/div>\n            <\/div>\n          <\/a>\n          <div class=\"styles__episodeDescription___C3oZg \">\n            <div class=\"styles__expander___1NNVb styles__expander--dark___3Qxhe\">\n              <div>\n                <div class=\"podcast-description\">Ute p\u00e5 Marstrandsfjorden seglar matchracingeliten f\u00f6r fullt. Men i gr\u00e4nderna p\u00e5 \u00f6n g\u00e5r tv\u00e5 av svensk seglin<span class=\"podcast-description-show-more-btn\" data-full-description=\"&lt;p&gt;Ute p\u00e5 Marstrandsfjorden seglar matchracingeliten f\u00f6r fullt. Men i gr\u00e4nderna p\u00e5 \u00f6n g\u00e5r tv\u00e5 av svensk seglings mest meriterade namn en promenad med oss \u2013 och pratar klarspr\u00e5k om det ingen brukar s\u00e4ga h\u00f6gt: vad en OS-satsning faktiskt kostar, och varf\u00f6r loggan p\u00e5 seglet aldrig var det viktigaste.&lt;\/p&gt;&lt;p&gt;Anton Dahlberg har fem OS bakom sig och OS-medaljer i bagaget. Lovisa Karlsson har varit p\u00e5 pallen i Paris. Tillsammans g\u00e5r de nu mot ett sista OS \u2013 och den h\u00e4r g\u00e5ngen \u00e4r det guld som g\u00e4ller. Men beskedet dr\u00f6jde, och en av de tyngsta fr\u00e5gorna handlade inte om segling. Den handlade om ekonomi.&lt;\/p&gt;&lt;p&gt;I det h\u00e4r avsnittet pratar vi om varf\u00f6r segling \u00e4r en underfinansierad v\u00e4rld, om skillnaden mellan att s\u00e4lja exponering och att s\u00e4lja verkligt v\u00e4rde, och om varf\u00f6r deras starkaste kort \u00e4r n\u00e5got helt annat \u00e4n f\u00f6ljarsiffror: f\u00f6rm\u00e5gan att bygga h\u00f6gpresterande, h\u00e5llbara team. &amp;quot;Att g\u00f6ra det sv\u00e5ra enkelt och det enkla elegant&amp;quot;, som Lovisa uttrycker det.&lt;\/p&gt;&lt;p&gt;Vi g\u00e5r rakt in i de obekv\u00e4ma siffrorna vad kostar en b\u00e5t, ett segel, en coach 150 dagar om \u00e5ret? och vi pratar om det som Sverige saknar: ett systemt\u00e4nk f\u00f6r toppidrott. Men framf\u00f6r allt pratar vi om m\u00f6jligheten. Om vad ett f\u00f6retag faktiskt f\u00e5r n\u00e4r de kliver ombord: f\u00f6rsta parkett till tv\u00e5 personer som \u00e4gnat livet \u00e5t att prestera under press, och en k\u00e4llkod f\u00f6r lagbygge som inte g\u00e5r att k\u00f6pa f\u00f6r pengar.&lt;\/p&gt;&lt;p&gt;Ett samtal om drivkraft, om att v\u00e5ga satsa trots motvinden, och om varf\u00f6r toppidrott ang\u00e5r l\u00e5ngt fler \u00e4n idrotten sj\u00e4lv.&lt;\/p&gt;&lt;p&gt;Inspelat p\u00e5 Marstrand under GKSS Business Day.&lt;\/p&gt;&lt;p&gt;\ud83c\udfa7 Lyssna nu \u2013 och f\u00f6lj resan mot guldet.&lt;\/p&gt;\n\">...<\/span><\/div>\n              <\/div>\n            <\/div>\n          <\/div>\n          <div class=\"styles__episodeDuration___2I0Qb\">00:30:34<\/div>\n          <div class=\"styles__episodeCreated___1zP5p\">August 13, 2026<\/div>\n        <\/div>\n      \n        <div class=\"styles__episodeFeedItem___1U6E2 \">\n          <span class=\"styles__isActiveEpisode___cXlB4\"><\/span>  \n          <a class=\"jesaeip-episode-play-btn podcast-list-link styles__episodeImage___tMifW\" href=\"https:\/\/creators.spotify.com\/pod\/show\/106c4122c\/embed\/episodes\/Nordea-Studio-Marstrand---En-stark-generation-unga-e3lk2lm\" target=\"jesaei_podcast_iframe\" aria-label=\"Play Nordea Studio Marstrand - En stark generation unga \">\n            <img decoding=\"async\" src=\"https:\/\/d3t3ozftmdmh3i.cloudfront.net\/staging\/podcast_uploaded_nologo\/43984803\/43984803-1751436298611-26cbb76f889f5.jpg\" alt=\"Nordea Studio Marstrand - En stark generation unga \">\n            <button class=\"styles__circle___1g-9u styles__white___372tQ styles__playButton___1Ivi4 styles__playButton___1uaGA\" aria-label=\"Play\" style=\"height: 31px; min-height: 31px; width: 31px; min-width: 31px; border-radius: 16px;\">\n            \n    <svg class=\"jesaeip-episode-play-icon\" xmlns=\"http:\/\/www.w3.org\/2000\/svg\" viewBox=\"-1 0 11 12\" width=\"13\" height=\"13\">\n        <rect width=\"12\" height=\"12\" fill=\"none\"><\/rect>\n        <path d=\"M1 .81v10.38a.76.76 0 0 0 .75.75.67.67 0 0 0 .39-.12l8.42-5.18a.75.75 0 0 0 0-1.28L2.14.18a.75.75 0 0 0-1 .24.79.79 0 0 0-.14.39z\" fill=\"#282F36\"><\/path>\n    <\/svg>\n            \n    <svg class=\"jesaeip-episode-pause-icon\" viewBox=\"0 0 12 12\" xmlns=\"http:\/\/www.w3.org\/2000\/svg\" width=\"13\" height=\"13\" aria-label=\"pause icon\">\n        <rect x=\".03\" width=\"12\" height=\"12\" fill=\"none\"><\/rect>\n        <path d=\"M8.45 0h1.83a.75.75 0 0 1 .72.75v10.5a.75.75 0 0 1-.75.75h-1.8a.75.75 0 0 1-.75-.75V.75A.75.75 0 0 1 8.45 0zM1.78 0h1.83a.75.75 0 0 1 .75.75v10.5a.75.75 0 0 1-.75.75H1.78a.76.76 0 0 1-.78-.75V.75A.76.76 0 0 1 1.78 0z\" fill=\"#282F36\"><\/path>\n    <\/svg>\n            <\/button>\n          <\/a>\n          <a class=\"podcast-list-link\" href=\"https:\/\/creators.spotify.com\/pod\/show\/106c4122c\/embed\/episodes\/Nordea-Studio-Marstrand---En-stark-generation-unga-e3lk2lm\" target=\"jesaei_podcast_iframe\" data-audio-url=\"https:\/\/anchor.fm\/s\/106c4122c\/podcast\/play\/122341494\/https%3A%2F%2Fd3ctxlq1ktw2nl.cloudfront.net%2Fstaging%2F2026-6-3%2F427296669-44100-2-f852b492dde8b.mp3\" aria-label=\"Nordea Studio Marstrand - En stark generation unga \">\n            <div class=\"styles__episodeHeading___29q7v\">\n              <div>\n                <div>Nordea Studio Marstrand - En stark gene...<\/div>\n              <\/div>\n            <\/div>\n          <\/a>\n          <div class=\"styles__episodeDescription___C3oZg \">\n            <div class=\"styles__expander___1NNVb styles__expander--dark___3Qxhe\">\n              <div>\n                <div class=\"podcast-description\">Dagens unga m\u00f6ter m\u00e5nga utmaningar i samh\u00e4llet men har ocks\u00e5 otroliga m\u00f6jligheter. En studie kring deras rela<span class=\"podcast-description-show-more-btn\" data-full-description=\"&lt;p&gt;Dagens unga m\u00f6ter m\u00e5nga utmaningar i samh\u00e4llet men har ocks\u00e5 otroliga m\u00f6jligheter. En studie kring deras relation till pengar visar att svenska ungdomar har en ekonomisk optimism som utm\u00e4rker sig i norden. Det i kombination med fysisk r\u00f6relse, gemenskap och utvecklande utmaningar genom idrott skapar en stark generation unga. Dom fokuserar vi p\u00e5 h\u00e4r!&lt;\/p&gt;&lt;p&gt;I det h\u00e4r avsnittet m\u00f6ter vi Marcus Jodin fr\u00e5n BK H\u00e4cken, Gothia Cup som ber\u00e4ttar om hur tusentals unga fr\u00e5n hela v\u00e4rlden f\u00e5r m\u00f6jlighet att utvecklas genom idrott. Frida Seld\u00e9n med m\u00e5ng\u00e5rig erfarenhet av den anrika seglarskolan Aelous\u00f6n delar med sig av hur barn och unga f\u00e5r st\u00e4rkta sj\u00e4lvf\u00f6rtroenden och unika erfarenheter. Dessutom g\u00e4stas vi av sparekonom Anders Stenkrona som ber\u00e4ttar mer om vad studien om ungas ekonomi egentligen ber\u00e4ttar. &lt;\/p&gt;\n\">...<\/span><\/div>\n              <\/div>\n            <\/div>\n          <\/div>\n          <div class=\"styles__episodeDuration___2I0Qb\">00:27:28<\/div>\n          <div class=\"styles__episodeCreated___1zP5p\">July 03, 2026<\/div>\n        <\/div>\n      \n        <div class=\"styles__episodeFeedItem___1U6E2 \">\n          <span class=\"styles__isActiveEpisode___cXlB4\"><\/span>  \n          <a class=\"jesaeip-episode-play-btn podcast-list-link styles__episodeImage___tMifW\" href=\"https:\/\/creators.spotify.com\/pod\/show\/106c4122c\/embed\/episodes\/Nordea-Studio-Marstrand---Navigera-i-det-oskra-e3lienf\" target=\"jesaei_podcast_iframe\" aria-label=\"Play Nordea Studio Marstrand - Navigera i det os\u00e4kra.\">\n            <img decoding=\"async\" src=\"https:\/\/d3t3ozftmdmh3i.cloudfront.net\/staging\/podcast_uploaded_nologo\/43984803\/43984803-1751436298611-26cbb76f889f5.jpg\" alt=\"Nordea Studio Marstrand - Navigera i det os\u00e4kra.\">\n            <button class=\"styles__circle___1g-9u styles__white___372tQ styles__playButton___1Ivi4 styles__playButton___1uaGA\" aria-label=\"Play\" style=\"height: 31px; min-height: 31px; width: 31px; min-width: 31px; border-radius: 16px;\">\n            \n    <svg class=\"jesaeip-episode-play-icon\" xmlns=\"http:\/\/www.w3.org\/2000\/svg\" viewBox=\"-1 0 11 12\" width=\"13\" height=\"13\">\n        <rect width=\"12\" height=\"12\" fill=\"none\"><\/rect>\n        <path d=\"M1 .81v10.38a.76.76 0 0 0 .75.75.67.67 0 0 0 .39-.12l8.42-5.18a.75.75 0 0 0 0-1.28L2.14.18a.75.75 0 0 0-1 .24.79.79 0 0 0-.14.39z\" fill=\"#282F36\"><\/path>\n    <\/svg>\n            \n    <svg class=\"jesaeip-episode-pause-icon\" viewBox=\"0 0 12 12\" xmlns=\"http:\/\/www.w3.org\/2000\/svg\" width=\"13\" height=\"13\" aria-label=\"pause icon\">\n        <rect x=\".03\" width=\"12\" height=\"12\" fill=\"none\"><\/rect>\n        <path d=\"M8.45 0h1.83a.75.75 0 0 1 .72.75v10.5a.75.75 0 0 1-.75.75h-1.8a.75.75 0 0 1-.75-.75V.75A.75.75 0 0 1 8.45 0zM1.78 0h1.83a.75.75 0 0 1 .75.75v10.5a.75.75 0 0 1-.75.75H1.78a.76.76 0 0 1-.78-.75V.75A.76.76 0 0 1 1.78 0z\" fill=\"#282F36\"><\/path>\n    <\/svg>\n            <\/button>\n          <\/a>\n          <a class=\"podcast-list-link\" href=\"https:\/\/creators.spotify.com\/pod\/show\/106c4122c\/embed\/episodes\/Nordea-Studio-Marstrand---Navigera-i-det-oskra-e3lienf\" target=\"jesaei_podcast_iframe\" data-audio-url=\"https:\/\/anchor.fm\/s\/106c4122c\/podcast\/play\/122288303\/https%3A%2F%2Fd3ctxlq1ktw2nl.cloudfront.net%2Fstaging%2F2026-6-2%2F427238705-44100-2-78e93f5f9c6ce.mp3\" aria-label=\"Nordea Studio Marstrand - Navigera i det os\u00e4kra.\">\n            <div class=\"styles__episodeHeading___29q7v\">\n              <div>\n                <div>Nordea Studio Marstrand - Navigera i de...<\/div>\n              <\/div>\n            <\/div>\n          <\/a>\n          <div class=\"styles__episodeDescription___C3oZg \">\n            <div class=\"styles__expander___1NNVb styles__expander--dark___3Qxhe\">\n              <div>\n                <div class=\"podcast-description\">Vad kr\u00e4vs av ett f\u00f6rtags ledarskap i os\u00e4kra tider? Hur p\u00e5verkar det geopolitiska l\u00e4get beslutsfattande i sm\u00e5<span class=\"podcast-description-show-more-btn\" data-full-description=\"&lt;p&gt;Vad kr\u00e4vs av ett f\u00f6rtags ledarskap i os\u00e4kra tider? Hur p\u00e5verkar det geopolitiska l\u00e4get beslutsfattande i sm\u00e5 organisationer? Hur m\u00e5r egentligen svensk ekonomi just nu och vad finns det f\u00f6r synergier mellan milit\u00e4rens ledarskap och f\u00f6retagsv\u00e4rldens? I det h\u00e4r avsnittet g\u00e4stas vi av fd \u00d6B Micael Byd\u00e9n, f\u00f6rfattaren och fd \u00f6verstel\u00f6jtnant Robert Karjel och chefekonom Annika Winsth. Det blir ett \u00f6ppet och \u00e4rligt samtal om hur vi b\u00e4st navigerar i det os\u00e4kra. &lt;\/p&gt;\n\">...<\/span><\/div>\n              <\/div>\n            <\/div>\n          <\/div>\n          <div class=\"styles__episodeDuration___2I0Qb\">00:28:57<\/div>\n          <div class=\"styles__episodeCreated___1zP5p\">July 02, 2026<\/div>\n        <\/div>\n      \n        <div class=\"styles__episodeFeedItem___1U6E2 \">\n          <span class=\"styles__isActiveEpisode___cXlB4\"><\/span>  \n          <a class=\"jesaeip-episode-play-btn podcast-list-link styles__episodeImage___tMifW\" href=\"https:\/\/creators.spotify.com\/pod\/show\/106c4122c\/embed\/episodes\/Nordea-Studio-Marstrand---Kvinnliga-Vinnarskallar-e3lh2cn\" target=\"jesaei_podcast_iframe\" aria-label=\"Play Nordea Studio Marstrand - Kvinnliga Vinnarskallar\">\n            <img decoding=\"async\" src=\"https:\/\/d3t3ozftmdmh3i.cloudfront.net\/staging\/podcast_uploaded_episode\/43984803\/43984803-1782910968648-968e78bf5637a.jpg\" alt=\"Nordea Studio Marstrand - Kvinnliga Vinnarskallar\">\n            <button class=\"styles__circle___1g-9u styles__white___372tQ styles__playButton___1Ivi4 styles__playButton___1uaGA\" aria-label=\"Play\" style=\"height: 31px; min-height: 31px; width: 31px; min-width: 31px; border-radius: 16px;\">\n            \n    <svg class=\"jesaeip-episode-play-icon\" xmlns=\"http:\/\/www.w3.org\/2000\/svg\" viewBox=\"-1 0 11 12\" width=\"13\" height=\"13\">\n        <rect width=\"12\" height=\"12\" fill=\"none\"><\/rect>\n        <path d=\"M1 .81v10.38a.76.76 0 0 0 .75.75.67.67 0 0 0 .39-.12l8.42-5.18a.75.75 0 0 0 0-1.28L2.14.18a.75.75 0 0 0-1 .24.79.79 0 0 0-.14.39z\" fill=\"#282F36\"><\/path>\n    <\/svg>\n            \n    <svg class=\"jesaeip-episode-pause-icon\" viewBox=\"0 0 12 12\" xmlns=\"http:\/\/www.w3.org\/2000\/svg\" width=\"13\" height=\"13\" aria-label=\"pause icon\">\n        <rect x=\".03\" width=\"12\" height=\"12\" fill=\"none\"><\/rect>\n        <path d=\"M8.45 0h1.83a.75.75 0 0 1 .72.75v10.5a.75.75 0 0 1-.75.75h-1.8a.75.75 0 0 1-.75-.75V.75A.75.75 0 0 1 8.45 0zM1.78 0h1.83a.75.75 0 0 1 .75.75v10.5a.75.75 0 0 1-.75.75H1.78a.76.76 0 0 1-.78-.75V.75A.76.76 0 0 1 1.78 0z\" fill=\"#282F36\"><\/path>\n    <\/svg>\n            <\/button>\n          <\/a>\n          <a class=\"podcast-list-link\" href=\"https:\/\/creators.spotify.com\/pod\/show\/106c4122c\/embed\/episodes\/Nordea-Studio-Marstrand---Kvinnliga-Vinnarskallar-e3lh2cn\" target=\"jesaei_podcast_iframe\" data-audio-url=\"https:\/\/anchor.fm\/s\/106c4122c\/podcast\/play\/122242903\/https%3A%2F%2Fd3ctxlq1ktw2nl.cloudfront.net%2Fstaging%2F2026-6-1%2F427165112-44100-2-8746c7d0fb54.mp3\" aria-label=\"Nordea Studio Marstrand - Kvinnliga Vinnarskallar\">\n            <div class=\"styles__episodeHeading___29q7v\">\n              <div>\n                <div>Nordea Studio Marstrand - Kvinnliga Vin...<\/div>\n              <\/div>\n            <\/div>\n          <\/a>\n          <div class=\"styles__episodeDescription___C3oZg \">\n            <div class=\"styles__expander___1NNVb styles__expander--dark___3Qxhe\">\n              <div>\n                <div class=\"podcast-description\">Det h\u00e4r avsnittet bjuder p\u00e5 ett engagerat samtal om hur vi b\u00e4st ger kvinnor och flickor b\u00e4sta m\u00f6jligheter att<span class=\"podcast-description-show-more-btn\" data-full-description=\"&lt;p&gt;Det h\u00e4r avsnittet bjuder p\u00e5 ett engagerat samtal om hur vi b\u00e4st ger kvinnor och flickor b\u00e4sta m\u00f6jligheter att forts\u00e4tta tr\u00e4na och prestera genom hela livet. Vikten av f\u00f6rebilder i livet och idrotten, men ocks\u00e5 om hur r\u00e4ttvisa villkor s\u00e5 som lika prispengar \u00e4r en f\u00f6ruts\u00e4ttning f\u00f6r ge kvinnliga idrottare en chans att prestera p\u00e5 h\u00f6gsta niv\u00e5. Och vad \u00e4r egentligen en vinnarskalle?!&lt;\/p&gt;\n\">...<\/span><\/div>\n              <\/div>\n            <\/div>\n          <\/div>\n          <div class=\"styles__episodeDuration___2I0Qb\">00:31:15<\/div>\n          <div class=\"styles__episodeCreated___1zP5p\">July 01, 2026<\/div>\n        <\/div>\n      \n        <div class=\"styles__episodeFeedItem___1U6E2 \">\n          <span class=\"styles__isActiveEpisode___cXlB4\"><\/span>  \n          <a class=\"jesaeip-episode-play-btn podcast-list-link styles__episodeImage___tMifW\" href=\"https:\/\/creators.spotify.com\/pod\/show\/106c4122c\/embed\/episodes\/Nordea-Studio-Marstrand---Jacob-de-Geer-e3kv3cb\" target=\"jesaei_podcast_iframe\" aria-label=\"Play Nordea Studio Marstrand - Jacob de Geer\">\n            <img decoding=\"async\" src=\"https:\/\/d3t3ozftmdmh3i.cloudfront.net\/staging\/podcast_uploaded_nologo\/43984803\/43984803-1751436298611-26cbb76f889f5.jpg\" alt=\"Nordea Studio Marstrand - Jacob de Geer\">\n            <button class=\"styles__circle___1g-9u styles__white___372tQ styles__playButton___1Ivi4 styles__playButton___1uaGA\" aria-label=\"Play\" style=\"height: 31px; min-height: 31px; width: 31px; min-width: 31px; border-radius: 16px;\">\n            \n    <svg class=\"jesaeip-episode-play-icon\" xmlns=\"http:\/\/www.w3.org\/2000\/svg\" viewBox=\"-1 0 11 12\" width=\"13\" height=\"13\">\n        <rect width=\"12\" height=\"12\" fill=\"none\"><\/rect>\n        <path d=\"M1 .81v10.38a.76.76 0 0 0 .75.75.67.67 0 0 0 .39-.12l8.42-5.18a.75.75 0 0 0 0-1.28L2.14.18a.75.75 0 0 0-1 .24.79.79 0 0 0-.14.39z\" fill=\"#282F36\"><\/path>\n    <\/svg>\n            \n    <svg class=\"jesaeip-episode-pause-icon\" viewBox=\"0 0 12 12\" xmlns=\"http:\/\/www.w3.org\/2000\/svg\" width=\"13\" height=\"13\" aria-label=\"pause icon\">\n        <rect x=\".03\" width=\"12\" height=\"12\" fill=\"none\"><\/rect>\n        <path d=\"M8.45 0h1.83a.75.75 0 0 1 .72.75v10.5a.75.75 0 0 1-.75.75h-1.8a.75.75 0 0 1-.75-.75V.75A.75.75 0 0 1 8.45 0zM1.78 0h1.83a.75.75 0 0 1 .75.75v10.5a.75.75 0 0 1-.75.75H1.78a.76.76 0 0 1-.78-.75V.75A.76.76 0 0 1 1.78 0z\" fill=\"#282F36\"><\/path>\n    <\/svg>\n            <\/button>\n          <\/a>\n          <a class=\"podcast-list-link\" href=\"https:\/\/creators.spotify.com\/pod\/show\/106c4122c\/embed\/episodes\/Nordea-Studio-Marstrand---Jacob-de-Geer-e3kv3cb\" target=\"jesaei_podcast_iframe\" data-audio-url=\"https:\/\/anchor.fm\/s\/106c4122c\/podcast\/play\/121654091\/https%3A%2F%2Fd3ctxlq1ktw2nl.cloudfront.net%2Fstaging%2F2026-5-18%2F426383576-44100-2-2c23b6988f51f.mp3\" aria-label=\"Nordea Studio Marstrand - Jacob de Geer\">\n            <div class=\"styles__episodeHeading___29q7v\">\n              <div>\n                <div>Nordea Studio Marstrand - Jacob de Geer<\/div>\n              <\/div>\n            <\/div>\n          <\/a>\n          <div class=\"styles__episodeDescription___C3oZg \">\n            <div class=\"styles__expander___1NNVb styles__expander--dark___3Qxhe\">\n              <div>\n                <div class=\"podcast-description\">Jacob de Geer: Tennis, teknik och kampen mot utanf\u00f6rskapHur g\u00e5r man fr\u00e5n att bygga ett miljardbolag till att by<span class=\"podcast-description-show-more-btn\" data-full-description=\"&lt;p&gt;&lt;strong&gt;Jacob de Geer: Tennis, teknik och kampen mot utanf\u00f6rskap&lt;\/strong&gt;&lt;\/p&gt;&lt;p&gt;Hur g\u00e5r man fr\u00e5n att bygga ett miljardbolag till att bygga om f\u00f6ruts\u00e4ttningarna f\u00f6r svensk tennis fr\u00e5n grunden? I det f\u00f6rsta avsnittet av Nordea Studio Marstrand \u2013 en ny miniserie i samarbete med Power &amp;amp; Passion inf\u00f6r GKSS Match Cup \u2013 m\u00f6ter vi Jacob de Geer, grundaren av iZettle, som idag driver tennissatsningen RQT utanf\u00f6r Stockholm.&lt;\/p&gt;&lt;p&gt;Programledare Frida Zetterstr\u00f6m samtalar tillsammans med Patrik Svensson, regionchef f\u00f6r Nordeas f\u00f6retagsaff\u00e4r i V\u00e4stra Sverige, som ocks\u00e5 ger en f\u00f6rsmak av vad som v\u00e4ntar under matchcupveckan p\u00e5 Marstrand. Men huvudfokus \u00e4r samtalet med Jacob, som med r\u00f6tter i en familj med flera generationers tennisengagemang \u2013 fr\u00e5n farfaderns tid som f\u00f6rbundsordf\u00f6rande under &amp;quot;det svenska tennisundret&amp;quot; till sin egen satsning idag \u2013 ber\u00e4ttar om vad som egentligen brister i svensk tennis och varf\u00f6r han valde att agera.&lt;\/p&gt;&lt;p&gt;&lt;br&gt;&lt;\/p&gt;&lt;p&gt;Avsnittet \u00e4r det f\u00f6rsta av miniserien Nordea Studio Marstrand och s\u00e4tter tonen f\u00f6r fler samtal om kapital, idrott och samh\u00e4llsansvar.&lt;\/p&gt;&lt;p&gt;Vill du forts\u00e4tta samtalet? H\u00e5ll utkik efter fler avsnitt fr\u00e5n Nordea Studio Marstrand, och missa inte chansen att m\u00f6ta profiler som Jacob de Geer p\u00e5 plats under matchcupveckan. L\u00e4s mer p\u00e5 &lt;a href=&quot;http:\/\/powerandpassion.se&quot;&gt;powerandpassion.se&lt;\/a&gt;&lt;\/p&gt;\n\">...<\/span><\/div>\n              <\/div>\n            <\/div>\n          <\/div>\n          <div class=\"styles__episodeDuration___2I0Qb\">00:42:28<\/div>\n          <div class=\"styles__episodeCreated___1zP5p\">June 18, 2026<\/div>\n        <\/div>\n      \n        <div class=\"styles__episodeFeedItem___1U6E2 \">\n          <span class=\"styles__isActiveEpisode___cXlB4\"><\/span>  \n          <a class=\"jesaeip-episode-play-btn podcast-list-link styles__episodeImage___tMifW\" href=\"https:\/\/creators.spotify.com\/pod\/show\/106c4122c\/embed\/episodes\/Frida-mter-David-Fridell-e3ks7pa\" target=\"jesaei_podcast_iframe\" aria-label=\"Play Frida m\u00f6ter David Fridell\">\n            <img decoding=\"async\" src=\"https:\/\/d3t3ozftmdmh3i.cloudfront.net\/staging\/podcast_uploaded_nologo\/43984803\/43984803-1751436298611-26cbb76f889f5.jpg\" alt=\"Frida m\u00f6ter David Fridell\">\n            <button class=\"styles__circle___1g-9u styles__white___372tQ styles__playButton___1Ivi4 styles__playButton___1uaGA\" aria-label=\"Play\" style=\"height: 31px; min-height: 31px; width: 31px; min-width: 31px; border-radius: 16px;\">\n            \n    <svg class=\"jesaeip-episode-play-icon\" xmlns=\"http:\/\/www.w3.org\/2000\/svg\" viewBox=\"-1 0 11 12\" width=\"13\" height=\"13\">\n        <rect width=\"12\" height=\"12\" fill=\"none\"><\/rect>\n        <path d=\"M1 .81v10.38a.76.76 0 0 0 .75.75.67.67 0 0 0 .39-.12l8.42-5.18a.75.75 0 0 0 0-1.28L2.14.18a.75.75 0 0 0-1 .24.79.79 0 0 0-.14.39z\" fill=\"#282F36\"><\/path>\n    <\/svg>\n            \n    <svg class=\"jesaeip-episode-pause-icon\" viewBox=\"0 0 12 12\" xmlns=\"http:\/\/www.w3.org\/2000\/svg\" width=\"13\" height=\"13\" aria-label=\"pause icon\">\n        <rect x=\".03\" width=\"12\" height=\"12\" fill=\"none\"><\/rect>\n        <path d=\"M8.45 0h1.83a.75.75 0 0 1 .72.75v10.5a.75.75 0 0 1-.75.75h-1.8a.75.75 0 0 1-.75-.75V.75A.75.75 0 0 1 8.45 0zM1.78 0h1.83a.75.75 0 0 1 .75.75v10.5a.75.75 0 0 1-.75.75H1.78a.76.76 0 0 1-.78-.75V.75A.76.76 0 0 1 1.78 0z\" fill=\"#282F36\"><\/path>\n    <\/svg>\n            <\/button>\n          <\/a>\n          <a class=\"podcast-list-link\" href=\"https:\/\/creators.spotify.com\/pod\/show\/106c4122c\/embed\/episodes\/Frida-mter-David-Fridell-e3ks7pa\" target=\"jesaei_podcast_iframe\" data-audio-url=\"https:\/\/anchor.fm\/s\/106c4122c\/podcast\/play\/121560298\/https%3A%2F%2Fd3ctxlq1ktw2nl.cloudfront.net%2Fstaging%2F2026-5-16%2F426250263-44100-2-398b68cd7ac3f.mp3\" aria-label=\"Frida m\u00f6ter David Fridell\">\n            <div class=\"styles__episodeHeading___29q7v\">\n              <div>\n                <div>Frida m\u00f6ter David Fridell<\/div>\n              <\/div>\n            <\/div>\n          <\/a>\n          <div class=\"styles__episodeDescription___C3oZg \">\n            <div class=\"styles__expander___1NNVb styles__expander--dark___3Qxhe\">\n              <div>\n                <div class=\"podcast-description\">David Fridell: Om passion och att leda svensk friidrott mot nya h\u00f6jderHur navigerar man i sk\u00e4rningspunkten mella<span class=\"podcast-description-show-more-btn\" data-full-description=\"&lt;p&gt;&lt;strong&gt;David Fridell: Om passion och att leda svensk friidrott mot nya h\u00f6jder&lt;\/strong&gt;&lt;\/p&gt;&lt;p&gt;Hur navigerar man i sk\u00e4rningspunkten mellan idealism och kommersialism n\u00e4r man leder ett av Sveriges mest \u00e4lskade idrottsf\u00f6rbund? I veckans avsnitt av Power &amp;amp; Passion m\u00f6ter vi David Fridell, generalsekreterare f\u00f6r Svenska Friidrottsf\u00f6rbundet.&lt;\/p&gt;&lt;p&gt;David \u00e4r relativt nytilltr\u00e4dd i rollen men b\u00e4r med sig ett djupt engagemang f\u00f6r friidrotten sedan barnsben. I det h\u00e4r samtalet f\u00e5r vi m\u00f6ta en ledare som \u00e4r lika bekv\u00e4m med att tala om VM-guld som om finansieringsmodeller \u2013 och som har en tydlig vision f\u00f6r hur idrotten och n\u00e4ringslivet kan m\u00f6tas p\u00e5 ett mer meningsfullt s\u00e4tt.&lt;\/p&gt;&lt;p&gt;Vi djupdyker i:&lt;\/p&gt;&lt;ul&gt;&lt;li&gt;&lt;strong&gt;Passion, politik och pengar:&lt;\/strong&gt; Varf\u00f6r det \u00e4r en konst att leda en ideell r\u00f6relse i en hyperkommersialiserad v\u00e4rld \u2013 och varf\u00f6r de tre krafterna ibland drar \u00e5t varsitt h\u00e5ll.&lt;\/li&gt;&lt;li&gt;&lt;strong&gt;Elitens villkor:&lt;\/strong&gt; Hur ser det egentligen ut att vara landslagsfriidrottare i Sverige? Och vad h\u00e4nder med bredden n\u00e4r topparna inte har r\u00e5d att satsa fullt ut?&lt;\/li&gt;&lt;li&gt;&lt;strong&gt;Idrott och n\u00e4ringsliv \u2013 en outnyttjad potential:&lt;\/strong&gt; Varf\u00f6r stora svenska f\u00f6retag engagerade sig mer i idrotten f\u00f6r 30\u201340 \u00e5r sedan \u00e4n idag, och vad som kr\u00e4vs f\u00f6r att v\u00e4nda den trenden.&lt;\/li&gt;&lt;li&gt;&lt;strong&gt;Fr\u00e5n logotyp till partnerskap:&lt;\/strong&gt; Hur Atea gick fr\u00e5n klassisk landslagspartner till att bygga egna interna initiativ kopplade till friidrotten \u2013 ett case study i l\u00e5ngsiktighet och mod.&lt;\/li&gt;&lt;li&gt;&lt;strong&gt;Talang och kompetensf\u00f6rs\u00f6rjning:&lt;\/strong&gt; Vad idrottare kan bidra med i arbetslivet, och hur ett idrottssamarbete kan bli ett konkurrensmedel n\u00e4r f\u00f6retag jagar samma talang.&lt;\/li&gt;&lt;li&gt;&lt;strong&gt;Eliten som motor f\u00f6r bredden:&lt;\/strong&gt; Varf\u00f6r Daniel St\u00e5l och svenska m\u00e4stare p\u00e5 l\u00f6parbanan direkt p\u00e5verkar hur m\u00e5nga barn som tar sina f\u00f6rsta steg p\u00e5 en friidrottsplan.&lt;\/li&gt;&lt;\/ul&gt;&lt;p&gt;David delar med sig av sin syn p\u00e5 hur f\u00f6rbundet kan bli b\u00e4ttre p\u00e5 att kommunicera sitt samh\u00e4llsv\u00e4rde \u2013 och varf\u00f6r stoltheten och passionen i r\u00f6relsen \u00e4r friidrottens starkaste varum\u00e4rke.&lt;\/p&gt;&lt;p&gt;Lyssna p\u00e5 ett samtal om drivkraft, samarbete och konsten att hitta r\u00e4tt partnerskap \u2013 f\u00f6r idrotten, f\u00f6retagen och samh\u00e4llet.&lt;\/p&gt;&lt;p&gt;Vill du forts\u00e4tta samtalet? Missa inte chansen att tr\u00e4ffa profiler fr\u00e5n idrotten och n\u00e4ringslivet under Power &amp;amp; Passion Summit i sommar. L\u00e4s mer och anm\u00e4l dig p\u00e5 &lt;a href=&quot;http:\/\/powerandpassion.se&quot;&gt;powerandpassion.se&lt;\/a&gt;&lt;\/p&gt;\n\">...<\/span><\/div>\n              <\/div>\n            <\/div>\n          <\/div>\n          <div class=\"styles__episodeDuration___2I0Qb\">00:30:26<\/div>\n          <div class=\"styles__episodeCreated___1zP5p\">June 16, 2026<\/div>\n        <\/div>\n      \n        <div class=\"styles__episodeFeedItem___1U6E2 \">\n          <span class=\"styles__isActiveEpisode___cXlB4\"><\/span>  \n          <a class=\"jesaeip-episode-play-btn podcast-list-link styles__episodeImage___tMifW\" href=\"https:\/\/creators.spotify.com\/pod\/show\/106c4122c\/embed\/episodes\/Frida-mter-Jan-Olof-Jacke-e3h1ojc\" target=\"jesaei_podcast_iframe\" aria-label=\"Play Frida m\u00f6ter Jan-Olof Jacke\">\n            <img decoding=\"async\" src=\"https:\/\/d3t3ozftmdmh3i.cloudfront.net\/staging\/podcast_uploaded_episode\/43984803\/43984803-1775806426640-b7d72c7c1809e.jpg\" alt=\"Frida m\u00f6ter Jan-Olof Jacke\">\n            <button class=\"styles__circle___1g-9u styles__white___372tQ styles__playButton___1Ivi4 styles__playButton___1uaGA\" aria-label=\"Play\" style=\"height: 31px; min-height: 31px; width: 31px; min-width: 31px; border-radius: 16px;\">\n            \n    <svg class=\"jesaeip-episode-play-icon\" xmlns=\"http:\/\/www.w3.org\/2000\/svg\" viewBox=\"-1 0 11 12\" width=\"13\" height=\"13\">\n        <rect width=\"12\" height=\"12\" fill=\"none\"><\/rect>\n        <path d=\"M1 .81v10.38a.76.76 0 0 0 .75.75.67.67 0 0 0 .39-.12l8.42-5.18a.75.75 0 0 0 0-1.28L2.14.18a.75.75 0 0 0-1 .24.79.79 0 0 0-.14.39z\" fill=\"#282F36\"><\/path>\n    <\/svg>\n            \n    <svg class=\"jesaeip-episode-pause-icon\" viewBox=\"0 0 12 12\" xmlns=\"http:\/\/www.w3.org\/2000\/svg\" width=\"13\" height=\"13\" aria-label=\"pause icon\">\n        <rect x=\".03\" width=\"12\" height=\"12\" fill=\"none\"><\/rect>\n        <path d=\"M8.45 0h1.83a.75.75 0 0 1 .72.75v10.5a.75.75 0 0 1-.75.75h-1.8a.75.75 0 0 1-.75-.75V.75A.75.75 0 0 1 8.45 0zM1.78 0h1.83a.75.75 0 0 1 .75.75v10.5a.75.75 0 0 1-.75.75H1.78a.76.76 0 0 1-.78-.75V.75A.76.76 0 0 1 1.78 0z\" fill=\"#282F36\"><\/path>\n    <\/svg>\n            <\/button>\n          <\/a>\n          <a class=\"podcast-list-link\" href=\"https:\/\/creators.spotify.com\/pod\/show\/106c4122c\/embed\/episodes\/Frida-mter-Jan-Olof-Jacke-e3h1ojc\" target=\"jesaei_podcast_iframe\" data-audio-url=\"https:\/\/anchor.fm\/s\/106c4122c\/podcast\/play\/117547052\/https%3A%2F%2Fd3ctxlq1ktw2nl.cloudfront.net%2Fstaging%2F2026-2-27%2F420861797-44100-2-a332797e18b2e.mp3\" aria-label=\"Frida m\u00f6ter Jan-Olof Jacke\">\n            <div class=\"styles__episodeHeading___29q7v\">\n              <div>\n                <div>Frida m\u00f6ter Jan-Olof Jacke<\/div>\n              <\/div>\n            <\/div>\n          <\/a>\n          <div class=\"styles__episodeDescription___C3oZg \">\n            <div class=\"styles__expander___1NNVb styles__expander--dark___3Qxhe\">\n              <div>\n                <div class=\"podcast-description\">Jan-Olof Jacke: Om press, prestation och att styra GKSS mot framtiden\u00a0Hur hanterar man pressen som VD f\u00f6r Svensk<span class=\"podcast-description-show-more-btn\" data-full-description=\"&lt;p&gt;&lt;strong&gt;Jan-Olof Jacke: Om press, prestation och att styra GKSS mot framtiden\u00a0&lt;\/strong&gt;&lt;\/p&gt;&lt;p&gt;&lt;strong&gt;Hur hanterar man pressen som VD f\u00f6r Svenskt N\u00e4ringsliv och nytilltr\u00e4dd ordf\u00f6rande f\u00f6r en av Sveriges mest anrika idrottsf\u00f6reningar? I veckans avsnitt av\u00a0&lt;\/strong&gt;&lt;em&gt;&lt;strong&gt;Power &amp;amp; Passion&lt;\/strong&gt;&lt;\/em&gt;&lt;strong&gt;\u00a0m\u00f6ter vi Jan-Olof Jacke som precis tagit \u00f6ver rodret i G\u00f6teborgs Kungl. Segels\u00e4llskap (GKSS).&lt;\/strong&gt;&lt;\/p&gt;&lt;p&gt;Jan-Olof Jacke \u00e4r van vid stora utmaningar, men i det h\u00e4r samtalet f\u00e5r vi m\u00f6ta m\u00e4nniskan bakom de tunga titlarna. Han ber\u00e4ttar \u00f6ppenhj\u00e4rtigt om sitt n\u00e4stan \u201dsm\u00e5sjukliga\u201d behov av press f\u00f6r att prestera p\u00e5 topp och varf\u00f6r han trivs som b\u00e4st n\u00e4r det \u00e4r skarpt l\u00e4ge \u2013 oavsett om det handlar om politiska f\u00f6rhandlingar eller att hinna med ett t\u00e5g i sista sekunden.&lt;\/p&gt;&lt;p&gt;&lt;strong&gt;Vi djupdyker i:&lt;\/strong&gt;&lt;\/p&gt;&lt;ul&gt;&lt;li&gt;&lt;strong&gt;Segling som ledarskapsskola:&lt;\/strong&gt;\u00a0Varf\u00f6r segling \u00e4r den ultimata milj\u00f6n f\u00f6r att fostra sj\u00e4lvst\u00e4ndiga individer. \u201dMan ringer inte IT-supporten mitt ute p\u00e5 havet \u2013 man l\u00f6ser uppgiften.\u201d&lt;\/li&gt;&lt;li&gt;&lt;strong&gt;Prestationskultur vs. Press:&lt;\/strong&gt;\u00a0Hur man bygger en uth\u00e5llig vinnarkultur i en organisation och varf\u00f6r press hanteras s\u00e5 olika av olika individer.&lt;\/li&gt;&lt;li&gt;&lt;strong&gt;Elit och bredd i symbios:&lt;\/strong&gt;\u00a0Varf\u00f6r elitidrottens medaljer \u00e4r helt avg\u00f6rande f\u00f6r att skapa intresse och r\u00f6relsegl\u00e4dje hos barn och unga.&lt;\/li&gt;&lt;li&gt;&lt;strong&gt;Framtidens GKSS:&lt;\/strong&gt;\u00a0Jan-Olofs vision f\u00f6r klubben \u2013 hur man bevarar en anrik historia samtidigt som man \u00f6ppnar upp f\u00f6r fler ungdomar och siktar mot nya OS-medaljer.&lt;\/li&gt;&lt;li&gt;&lt;strong&gt;M\u00f6tet mellan v\u00e4rldar:&lt;\/strong&gt;\u00a0Vad n\u00e4ringslivet och idrotten kan l\u00e4ra av varandras logiker, och varf\u00f6r \u00f6dmjukhet \u00e4r nyckeln n\u00e4r man verkar i gr\u00e4nslandet mellan politik, aff\u00e4rer och f\u00f6reningsliv.&lt;\/li&gt;&lt;\/ul&gt;&lt;p&gt;Jan-Olof delar med sig av sina erfarenheter fr\u00e5n ledande positioner i bland annat Svenskt N\u00e4ringsliv, Folk och F\u00f6rsvar och Svenska M\u00e4ssan, och f\u00f6rklarar varf\u00f6r han trots ett fullbokat schema inte kunde tacka nej till GKSS.&lt;\/p&gt;&lt;p&gt;&lt;strong&gt;Lyssna p\u00e5 ett samtal om drivkraft, disciplin och konsten att aldrig ge upp \u2013 \u00e4ven n\u00e4r vinden v\u00e4nder.&lt;\/strong&gt;&lt;\/p&gt;&lt;p&gt;&lt;br&gt;&lt;\/p&gt;&lt;p&gt;&lt;strong&gt;Vill du forts\u00e4tta samtalet?&lt;\/strong&gt;&lt;br&gt;Missa inte chansen att tr\u00e4ffa Jan-Olof Jacke och andra profiler under\u00a0&lt;strong&gt;GKSS Buisness day\u00a0&lt;\/strong&gt;i sommar. L\u00e4s mer och anm\u00e4l dig p\u00e5\u00a0&lt;a href=&quot;https:\/\/www.google.com\/url?sa=E&amp;amp;q=http%3A%2F%2Fpowerandpassion.se&quot;&gt;powerandpassion.se&lt;\/a&gt;&lt;br&gt;&lt;\/p&gt;\n\">...<\/span><\/div>\n              <\/div>\n            <\/div>\n          <\/div>\n          <div class=\"styles__episodeDuration___2I0Qb\">00:36:28<\/div>\n          <div class=\"styles__episodeCreated___1zP5p\">March 27, 2026<\/div>\n        <\/div>\n      \n        <div class=\"styles__episodeFeedItem___1U6E2 \">\n          <span class=\"styles__isActiveEpisode___cXlB4\"><\/span>  \n          <a class=\"jesaeip-episode-play-btn podcast-list-link styles__episodeImage___tMifW\" href=\"https:\/\/creators.spotify.com\/pod\/show\/106c4122c\/embed\/episodes\/Frida-mter-Bjrn-Hansen-e3h1oo7\" target=\"jesaei_podcast_iframe\" aria-label=\"Play Frida m\u00f6ter Bj\u00f6rn Hansen\">\n            <img decoding=\"async\" src=\"https:\/\/d3t3ozftmdmh3i.cloudfront.net\/staging\/podcast_uploaded_episode\/43984803\/43984803-1775806464322-e2f188ada3194.jpg\" alt=\"Frida m\u00f6ter Bj\u00f6rn Hansen\">\n            <button class=\"styles__circle___1g-9u styles__white___372tQ styles__playButton___1Ivi4 styles__playButton___1uaGA\" aria-label=\"Play\" style=\"height: 31px; min-height: 31px; width: 31px; min-width: 31px; border-radius: 16px;\">\n            \n    <svg class=\"jesaeip-episode-play-icon\" xmlns=\"http:\/\/www.w3.org\/2000\/svg\" viewBox=\"-1 0 11 12\" width=\"13\" height=\"13\">\n        <rect width=\"12\" height=\"12\" fill=\"none\"><\/rect>\n        <path d=\"M1 .81v10.38a.76.76 0 0 0 .75.75.67.67 0 0 0 .39-.12l8.42-5.18a.75.75 0 0 0 0-1.28L2.14.18a.75.75 0 0 0-1 .24.79.79 0 0 0-.14.39z\" fill=\"#282F36\"><\/path>\n    <\/svg>\n            \n    <svg class=\"jesaeip-episode-pause-icon\" viewBox=\"0 0 12 12\" xmlns=\"http:\/\/www.w3.org\/2000\/svg\" width=\"13\" height=\"13\" aria-label=\"pause icon\">\n        <rect x=\".03\" width=\"12\" height=\"12\" fill=\"none\"><\/rect>\n        <path d=\"M8.45 0h1.83a.75.75 0 0 1 .72.75v10.5a.75.75 0 0 1-.75.75h-1.8a.75.75 0 0 1-.75-.75V.75A.75.75 0 0 1 8.45 0zM1.78 0h1.83a.75.75 0 0 1 .75.75v10.5a.75.75 0 0 1-.75.75H1.78a.76.76 0 0 1-.78-.75V.75A.76.76 0 0 1 1.78 0z\" fill=\"#282F36\"><\/path>\n    <\/svg>\n            <\/button>\n          <\/a>\n          <a class=\"podcast-list-link\" href=\"https:\/\/creators.spotify.com\/pod\/show\/106c4122c\/embed\/episodes\/Frida-mter-Bjrn-Hansen-e3h1oo7\" target=\"jesaei_podcast_iframe\" data-audio-url=\"https:\/\/anchor.fm\/s\/106c4122c\/podcast\/play\/117547207\/https%3A%2F%2Fd3ctxlq1ktw2nl.cloudfront.net%2Fstaging%2F2026-2-27%2F420862002-44100-2-eba8813a83ded.mp3\" aria-label=\"Frida m\u00f6ter Bj\u00f6rn Hansen\">\n            <div class=\"styles__episodeHeading___29q7v\">\n              <div>\n                <div>Frida m\u00f6ter Bj\u00f6rn Hansen<\/div>\n              <\/div>\n            <\/div>\n          <\/a>\n          <div class=\"styles__episodeDescription___C3oZg \">\n            <div class=\"styles__expander___1NNVb styles__expander--dark___3Qxhe\">\n              <div>\n                <div class=\"podcast-description\">Kungen av Marstrand \u2013 Bj\u00f6rn Hansen om lag, ledarskap och livet bortom seglingenI det h\u00e4r avsnittet av Power &amp;a<span class=\"podcast-description-show-more-btn\" data-full-description=\"&lt;p&gt;&lt;strong&gt;Kungen av Marstrand \u2013 Bj\u00f6rn Hansen om lag, ledarskap och livet bortom seglingen&lt;\/strong&gt;&lt;\/p&gt;&lt;p&gt;I det h\u00e4r avsnittet av &lt;em&gt;Power &amp;amp; Passion&lt;\/em&gt; m\u00f6ter vi seglarlegenden Bj\u00f6rn Hansen \u2013 flerfaldig vinnare av GKSS Match Cup Sweden och k\u00e4nd som \u201cKungen av Marstrand\u201d. Samtalet spelas in mitt under t\u00e4vlingsveckan, bara timmar efter att Bj\u00f6rn och hans team s\u00e4krat \u00e4nnu en finalplats \u2013 trots att de egentligen \u201chade slutat\u201d.&lt;\/p&gt;&lt;p&gt;Vi tar en promenad genom Marstrands gr\u00e4nder och pratar om vad som egentligen ligger bakom framg\u00e5ngarna. Bj\u00f6rn lyfter lagets styrka, den l\u00e5nga erfarenheten tillsammans och vikten av tillit \u2013 d\u00e4r varje individ vet sin roll och d\u00e4r kommunikationen \u00e4r avg\u00f6rande.&lt;\/p&gt;&lt;p&gt;Vi pratar ocks\u00e5 om:&lt;br&gt;\u2013 Hur sm\u00e5 justeringar kan avg\u00f6ra ett helt race&lt;br&gt;\u2013 Skillnaden mellan dagens och tidigare \u00e5rs t\u00e4vlingar&lt;br&gt;\u2013 Utmaningen i att attrahera sponsorer (och varf\u00f6r Bj\u00f6rn sj\u00e4lv helst slipper)&lt;br&gt;\u2013 Vad n\u00e4ringslivet kan l\u00e4ra av ett h\u00f6gpresterande team&lt;br&gt;\u2013 Och varf\u00f6r inspiration ofta sl\u00e5r exponering i partnerskap&lt;\/p&gt;&lt;p&gt;&lt;br&gt;&lt;\/p&gt;&lt;p&gt;Ett avsnitt om laganda, erfarenhet och passion \u2013 inspelat med havet, vinden och finalnerven precis runt h\u00f6rnet.&lt;\/p&gt;\n\">...<\/span><\/div>\n              <\/div>\n            <\/div>\n          <\/div>\n          <div class=\"styles__episodeDuration___2I0Qb\">00:21:23<\/div>\n          <div class=\"styles__episodeCreated___1zP5p\">March 27, 2026<\/div>\n        <\/div>\n      \n        <div class=\"styles__episodeFeedItem___1U6E2 \">\n          <span class=\"styles__isActiveEpisode___cXlB4\"><\/span>  \n          <a class=\"jesaeip-episode-play-btn podcast-list-link styles__episodeImage___tMifW\" href=\"https:\/\/creators.spotify.com\/pod\/show\/106c4122c\/embed\/episodes\/Frida-mter-Gurra-Krantz-e353m7i\" target=\"jesaei_podcast_iframe\" aria-label=\"Play Frida m\u00f6ter Gurra Krantz\">\n            <img decoding=\"async\" src=\"https:\/\/d3t3ozftmdmh3i.cloudfront.net\/staging\/podcast_uploaded_episode\/43984803\/43984803-1775806484834-4230cd1f1905.jpg\" alt=\"Frida m\u00f6ter Gurra Krantz\">\n            <button class=\"styles__circle___1g-9u styles__white___372tQ styles__playButton___1Ivi4 styles__playButton___1uaGA\" aria-label=\"Play\" style=\"height: 31px; min-height: 31px; width: 31px; min-width: 31px; border-radius: 16px;\">\n            \n    <svg class=\"jesaeip-episode-play-icon\" xmlns=\"http:\/\/www.w3.org\/2000\/svg\" viewBox=\"-1 0 11 12\" width=\"13\" height=\"13\">\n        <rect width=\"12\" height=\"12\" fill=\"none\"><\/rect>\n        <path d=\"M1 .81v10.38a.76.76 0 0 0 .75.75.67.67 0 0 0 .39-.12l8.42-5.18a.75.75 0 0 0 0-1.28L2.14.18a.75.75 0 0 0-1 .24.79.79 0 0 0-.14.39z\" fill=\"#282F36\"><\/path>\n    <\/svg>\n            \n    <svg class=\"jesaeip-episode-pause-icon\" viewBox=\"0 0 12 12\" xmlns=\"http:\/\/www.w3.org\/2000\/svg\" width=\"13\" height=\"13\" aria-label=\"pause icon\">\n        <rect x=\".03\" width=\"12\" height=\"12\" fill=\"none\"><\/rect>\n        <path d=\"M8.45 0h1.83a.75.75 0 0 1 .72.75v10.5a.75.75 0 0 1-.75.75h-1.8a.75.75 0 0 1-.75-.75V.75A.75.75 0 0 1 8.45 0zM1.78 0h1.83a.75.75 0 0 1 .75.75v10.5a.75.75 0 0 1-.75.75H1.78a.76.76 0 0 1-.78-.75V.75A.76.76 0 0 1 1.78 0z\" fill=\"#282F36\"><\/path>\n    <\/svg>\n            <\/button>\n          <\/a>\n          <a class=\"podcast-list-link\" href=\"https:\/\/creators.spotify.com\/pod\/show\/106c4122c\/embed\/episodes\/Frida-mter-Gurra-Krantz-e353m7i\" target=\"jesaei_podcast_iframe\" data-audio-url=\"https:\/\/anchor.fm\/s\/106c4122c\/podcast\/play\/105027250\/https%3A%2F%2Fd3ctxlq1ktw2nl.cloudfront.net%2Fstaging%2F2025-6-4%2F403307176-44100-2-da899d8bc2987.mp3\" aria-label=\"Frida m\u00f6ter Gurra Krantz\">\n            <div class=\"styles__episodeHeading___29q7v\">\n              <div>\n                <div>Frida m\u00f6ter Gurra Krantz<\/div>\n              <\/div>\n            <\/div>\n          <\/a>\n          <div class=\"styles__episodeDescription___C3oZg \">\n            <div class=\"styles__expander___1NNVb styles__expander--dark___3Qxhe\">\n              <div>\n                <div class=\"podcast-description\">Fr\u00e5n sponsorjakt till partnerskap \u2013 med Gurra KrantzI det h\u00e4r avsnittet m\u00f6ter vi legendariske seglaren Gurra <span class=\"podcast-description-show-more-btn\" data-full-description=\"&lt;p&gt;&lt;strong&gt;Fr\u00e5n sponsorjakt till partnerskap \u2013 med Gurra Krantz&lt;\/strong&gt;&lt;\/p&gt;&lt;p&gt;I det h\u00e4r avsnittet m\u00f6ter vi legendariske seglaren &lt;strong&gt;Gurra Krantz&lt;\/strong&gt;, med fyra jordenruntprojekt och tv\u00e5 America&apos;s Cup-satsningar i bagaget. Men samtalet handlar lika mycket om aff\u00e4rsmannaskap som segling. Gurra delar med sig av sina erfarenheter fr\u00e5n hundratals pitchm\u00f6ten, varf\u00f6r han slutade prata om sponsorer och b\u00f6rjade s\u00e4lja &lt;strong&gt;marknadskommunikation&lt;\/strong&gt; \u2013 och varf\u00f6r gl\u00f6den i \u00f6gonen \u00e4r viktigare \u00e4n PowerPoints.&lt;\/p&gt;&lt;p&gt;Vi pratar om partnerskapens psykologi, vad n\u00e4ringslivet verkligen letar efter \u2013 och hur man skapar aff\u00e4rsnytta \u00e4ven f\u00f6r de mest ov\u00e4ntade f\u00f6retagen. Ett passionerat samtal om trov\u00e4rdighet, tajming, och konsten att f\u00f6rvandla sport till strategiskt v\u00e4rde.&lt;\/p&gt;&lt;p&gt;Podden produceras av Fredag CBWP&lt;\/p&gt;&lt;p&gt;www.fredag.se&lt;\/p&gt;\n\">...<\/span><\/div>\n              <\/div>\n            <\/div>\n          <\/div>\n          <div class=\"styles__episodeDuration___2I0Qb\">00:26:33<\/div>\n          <div class=\"styles__episodeCreated___1zP5p\">July 04, 2025<\/div>\n        <\/div>\n      \n        <div class=\"styles__episodeFeedItem___1U6E2 \">\n          <span class=\"styles__isActiveEpisode___cXlB4\"><\/span>  \n          <a class=\"jesaeip-episode-play-btn podcast-list-link styles__episodeImage___tMifW\" href=\"https:\/\/creators.spotify.com\/pod\/show\/106c4122c\/embed\/episodes\/Frida-mter-Patrik-Svensson-e3525el\" target=\"jesaei_podcast_iframe\" aria-label=\"Play Frida m\u00f6ter Patrik Svensson\">\n            <img decoding=\"async\" src=\"https:\/\/d3t3ozftmdmh3i.cloudfront.net\/staging\/podcast_uploaded_episode\/43984803\/43984803-1775806515171-91eebd2c7d0e7.jpg\" alt=\"Frida m\u00f6ter Patrik Svensson\">\n            <button class=\"styles__circle___1g-9u styles__white___372tQ styles__playButton___1Ivi4 styles__playButton___1uaGA\" aria-label=\"Play\" style=\"height: 31px; min-height: 31px; width: 31px; min-width: 31px; border-radius: 16px;\">\n            \n    <svg class=\"jesaeip-episode-play-icon\" xmlns=\"http:\/\/www.w3.org\/2000\/svg\" viewBox=\"-1 0 11 12\" width=\"13\" height=\"13\">\n        <rect width=\"12\" height=\"12\" fill=\"none\"><\/rect>\n        <path d=\"M1 .81v10.38a.76.76 0 0 0 .75.75.67.67 0 0 0 .39-.12l8.42-5.18a.75.75 0 0 0 0-1.28L2.14.18a.75.75 0 0 0-1 .24.79.79 0 0 0-.14.39z\" fill=\"#282F36\"><\/path>\n    <\/svg>\n            \n    <svg class=\"jesaeip-episode-pause-icon\" viewBox=\"0 0 12 12\" xmlns=\"http:\/\/www.w3.org\/2000\/svg\" width=\"13\" height=\"13\" aria-label=\"pause icon\">\n        <rect x=\".03\" width=\"12\" height=\"12\" fill=\"none\"><\/rect>\n        <path d=\"M8.45 0h1.83a.75.75 0 0 1 .72.75v10.5a.75.75 0 0 1-.75.75h-1.8a.75.75 0 0 1-.75-.75V.75A.75.75 0 0 1 8.45 0zM1.78 0h1.83a.75.75 0 0 1 .75.75v10.5a.75.75 0 0 1-.75.75H1.78a.76.76 0 0 1-.78-.75V.75A.76.76 0 0 1 1.78 0z\" fill=\"#282F36\"><\/path>\n    <\/svg>\n            <\/button>\n          <\/a>\n          <a class=\"podcast-list-link\" href=\"https:\/\/creators.spotify.com\/pod\/show\/106c4122c\/embed\/episodes\/Frida-mter-Patrik-Svensson-e3525el\" target=\"jesaei_podcast_iframe\" data-audio-url=\"https:\/\/anchor.fm\/s\/106c4122c\/podcast\/play\/104977301\/https%3A%2F%2Fd3ctxlq1ktw2nl.cloudfront.net%2Fstaging%2F2025-6-3%2F403242508-44100-2-0136c07407c1e.mp3\" aria-label=\"Frida m\u00f6ter Patrik Svensson\">\n            <div class=\"styles__episodeHeading___29q7v\">\n              <div>\n                <div>Frida m\u00f6ter Patrik Svensson<\/div>\n              <\/div>\n            <\/div>\n          <\/a>\n          <div class=\"styles__episodeDescription___C3oZg \">\n            <div class=\"styles__expander___1NNVb styles__expander--dark___3Qxhe\">\n              <div>\n                <div class=\"podcast-description\">vsnitt 4: N\u00e4r n\u00e4ringslivet kliver ombord \u2013 med Patrik Svensson, regionchef p\u00e5 NordeaHur kan en bank bidra til<span class=\"podcast-description-show-more-btn\" data-full-description=\"&lt;p&gt;&lt;strong&gt;vsnitt 4: N\u00e4r n\u00e4ringslivet kliver ombord \u2013 med Patrik Svensson, regionchef p\u00e5 Nordea&lt;\/strong&gt;&lt;\/p&gt;&lt;p&gt;Hur kan en bank bidra till att f\u00f6r\u00e4ndra idrotten \u2013 p\u00e5 riktigt? I det h\u00e4r avsnittet m\u00f6ter vi &lt;strong&gt;Patrik Svensson&lt;\/strong&gt;, regionchef f\u00f6r f\u00f6retagsaff\u00e4rer p\u00e5 &lt;strong&gt;Nordea V\u00e4stra Sverige&lt;\/strong&gt;, som ber\u00e4ttar om bankens l\u00e5ngsiktiga satsning p\u00e5 damsegling och varf\u00f6r de valde att bli titelsponsor f\u00f6r &lt;strong&gt;Nordea Women\u2019s Trophy&lt;\/strong&gt;.&lt;\/p&gt;&lt;p&gt;Vi pratar om hur v\u00e4rderingar som &lt;strong&gt;entrepren\u00f6rskap, h\u00e5llbarhet och m\u00e5ngfald&lt;\/strong&gt; oms\u00e4tts i praktiken \u2013 inte minst genom arenor som Marstrand och samarbeten med Ung F\u00f6retagsamhet. Patrik delar med sig av insikter kring hur ett sponsorskap kan bli mycket mer \u00e4n ett logoplace \u2013 och varf\u00f6r det \u00e4r avg\u00f6rande att skapa inneh\u00e5ll, v\u00e4rde och framtidstro i varje m\u00f6te.&lt;\/p&gt;&lt;p&gt;Ett avsnitt om aff\u00e4rsstrategi, ansvar och viljan att p\u00e5verka \u2013 p\u00e5 riktigt.&lt;\/p&gt;\n\">...<\/span><\/div>\n              <\/div>\n            <\/div>\n          <\/div>\n          <div class=\"styles__episodeDuration___2I0Qb\">00:25:36<\/div>\n          <div class=\"styles__episodeCreated___1zP5p\">July 03, 2025<\/div>\n        <\/div>\n      \n        <div class=\"styles__episodeFeedItem___1U6E2 \">\n          <span class=\"styles__isActiveEpisode___cXlB4\"><\/span>  \n          <a class=\"jesaeip-episode-play-btn podcast-list-link styles__episodeImage___tMifW\" href=\"https:\/\/creators.spotify.com\/pod\/show\/106c4122c\/embed\/episodes\/Frida-mter-Aron-Anderson-e3515r7\" target=\"jesaei_podcast_iframe\" aria-label=\"Play Frida m\u00f6ter Aron Anderson\">\n            <img decoding=\"async\" src=\"https:\/\/d3t3ozftmdmh3i.cloudfront.net\/staging\/podcast_uploaded_episode\/43984803\/43984803-1775806543266-3d75e5597ef2.jpg\" alt=\"Frida m\u00f6ter Aron Anderson\">\n            <button class=\"styles__circle___1g-9u styles__white___372tQ styles__playButton___1Ivi4 styles__playButton___1uaGA\" aria-label=\"Play\" style=\"height: 31px; min-height: 31px; width: 31px; min-width: 31px; border-radius: 16px;\">\n            \n    <svg class=\"jesaeip-episode-play-icon\" xmlns=\"http:\/\/www.w3.org\/2000\/svg\" viewBox=\"-1 0 11 12\" width=\"13\" height=\"13\">\n        <rect width=\"12\" height=\"12\" fill=\"none\"><\/rect>\n        <path d=\"M1 .81v10.38a.76.76 0 0 0 .75.75.67.67 0 0 0 .39-.12l8.42-5.18a.75.75 0 0 0 0-1.28L2.14.18a.75.75 0 0 0-1 .24.79.79 0 0 0-.14.39z\" fill=\"#282F36\"><\/path>\n    <\/svg>\n            \n    <svg class=\"jesaeip-episode-pause-icon\" viewBox=\"0 0 12 12\" xmlns=\"http:\/\/www.w3.org\/2000\/svg\" width=\"13\" height=\"13\" aria-label=\"pause icon\">\n        <rect x=\".03\" width=\"12\" height=\"12\" fill=\"none\"><\/rect>\n        <path d=\"M8.45 0h1.83a.75.75 0 0 1 .72.75v10.5a.75.75 0 0 1-.75.75h-1.8a.75.75 0 0 1-.75-.75V.75A.75.75 0 0 1 8.45 0zM1.78 0h1.83a.75.75 0 0 1 .75.75v10.5a.75.75 0 0 1-.75.75H1.78a.76.76 0 0 1-.78-.75V.75A.76.76 0 0 1 1.78 0z\" fill=\"#282F36\"><\/path>\n    <\/svg>\n            <\/button>\n          <\/a>\n          <a class=\"podcast-list-link\" href=\"https:\/\/creators.spotify.com\/pod\/show\/106c4122c\/embed\/episodes\/Frida-mter-Aron-Anderson-e3515r7\" target=\"jesaei_podcast_iframe\" data-audio-url=\"https:\/\/anchor.fm\/s\/106c4122c\/podcast\/play\/104944935\/https%3A%2F%2Fd3ctxlq1ktw2nl.cloudfront.net%2Fstaging%2F2025-6-2%2F403200591-44100-2-cf78f141854e2.mp3\" aria-label=\"Frida m\u00f6ter Aron Anderson\">\n            <div class=\"styles__episodeHeading___29q7v\">\n              <div>\n                <div>Frida m\u00f6ter Aron Anderson<\/div>\n              <\/div>\n            <\/div>\n          <\/a>\n          <div class=\"styles__episodeDescription___C3oZg \">\n            <div class=\"styles__expander___1NNVb styles__expander--dark___3Qxhe\">\n              <div>\n                <div class=\"podcast-description\">G\u00f6r det om\u00f6jliga m\u00f6jligt \u2013 med \u00e4ventyraren och inspirat\u00f6ren Aron AnderssonI detta avsnitt m\u00f6ter vi Aron An<span class=\"podcast-description-show-more-btn\" data-full-description=\"&lt;p&gt;&lt;strong&gt;G\u00f6r det om\u00f6jliga m\u00f6jligt \u2013 med \u00e4ventyraren och inspirat\u00f6ren Aron Andersson&lt;\/strong&gt;&lt;\/p&gt;&lt;p&gt;I detta avsnitt m\u00f6ter vi &lt;strong&gt;Aron Andersson&lt;\/strong&gt;, professionell \u00e4ventyrare, f\u00f6rel\u00e4sare och en av Sveriges mest inspirerande r\u00f6ster. Fr\u00e5n att bestiga Kilimanjaro till att simma \u00f6ver \u00c5lands hav \u2013 allt fr\u00e5n sin rullstol \u2013 \u00e4r Aron beviset p\u00e5 att ingenting \u00e4r om\u00f6jligt. Men samtalet handlar inte bara om fysiska prestationer.&lt;\/p&gt;&lt;p&gt;Vi pratar om hur man bygger ett personligt varum\u00e4rke, f\u00e5r n\u00e4ringslivet att vilja vara med \u2013 inte f\u00f6r att man ber om st\u00f6d, utan f\u00f6r att det \u00e4r om\u00f6jligt att ignorera det man g\u00f6r. Aron delar med sig av insikter kring entrepren\u00f6rskap, sponsring, CSR och hur f\u00f6retag kan skapa samarbeten som g\u00f6r verklig skillnad \u2013 b\u00e5de f\u00f6r sig sj\u00e4lva och samh\u00e4llet.&lt;\/p&gt;&lt;p&gt;Han ber\u00e4ttar ocks\u00e5 om sin filosofi kring &lt;strong&gt;positivt sj\u00e4lvbedr\u00e4geri&lt;\/strong&gt;, om m\u00f6tet med Saga som f\u00f6r\u00e4ndrade hans livssyn, och varf\u00f6r fr\u00e5gan &lt;em&gt;&amp;quot;Vad kan jag p\u00e5verka just nu?&amp;quot;&lt;\/em&gt; \u00e4r en av de viktigaste man kan b\u00e4ra med sig \u2013 i livet, i idrotten och i aff\u00e4rsv\u00e4rlden.&lt;\/p&gt;&lt;p&gt;En stark och m\u00e4nsklig ber\u00e4ttelse om mod, mening och m\u00f6jligheten att p\u00e5verka.&lt;\/p&gt;\n\">...<\/span><\/div>\n              <\/div>\n            <\/div>\n          <\/div>\n          <div class=\"styles__episodeDuration___2I0Qb\">00:18:57<\/div>\n          <div class=\"styles__episodeCreated___1zP5p\">July 02, 2025<\/div>\n        <\/div>\n      \n        <div class=\"styles__episodeFeedItem___1U6E2 \">\n          <span class=\"styles__isActiveEpisode___cXlB4\"><\/span>  \n          <a class=\"jesaeip-episode-play-btn podcast-list-link styles__episodeImage___tMifW\" href=\"https:\/\/creators.spotify.com\/pod\/show\/106c4122c\/embed\/episodes\/Frida-mter-Anna-stling-e34vhf5\" target=\"jesaei_podcast_iframe\" aria-label=\"Play Frida m\u00f6ter Anna \u00d6stling\">\n            <img decoding=\"async\" src=\"https:\/\/d3t3ozftmdmh3i.cloudfront.net\/staging\/podcast_uploaded_episode\/43984803\/43984803-1775806562858-a343f79a0b023.jpg\" alt=\"Frida m\u00f6ter Anna \u00d6stling\">\n            <button class=\"styles__circle___1g-9u styles__white___372tQ styles__playButton___1Ivi4 styles__playButton___1uaGA\" aria-label=\"Play\" style=\"height: 31px; min-height: 31px; width: 31px; min-width: 31px; border-radius: 16px;\">\n            \n    <svg class=\"jesaeip-episode-play-icon\" xmlns=\"http:\/\/www.w3.org\/2000\/svg\" viewBox=\"-1 0 11 12\" width=\"13\" height=\"13\">\n        <rect width=\"12\" height=\"12\" fill=\"none\"><\/rect>\n        <path d=\"M1 .81v10.38a.76.76 0 0 0 .75.75.67.67 0 0 0 .39-.12l8.42-5.18a.75.75 0 0 0 0-1.28L2.14.18a.75.75 0 0 0-1 .24.79.79 0 0 0-.14.39z\" fill=\"#282F36\"><\/path>\n    <\/svg>\n            \n    <svg class=\"jesaeip-episode-pause-icon\" viewBox=\"0 0 12 12\" xmlns=\"http:\/\/www.w3.org\/2000\/svg\" width=\"13\" height=\"13\" aria-label=\"pause icon\">\n        <rect x=\".03\" width=\"12\" height=\"12\" fill=\"none\"><\/rect>\n        <path d=\"M8.45 0h1.83a.75.75 0 0 1 .72.75v10.5a.75.75 0 0 1-.75.75h-1.8a.75.75 0 0 1-.75-.75V.75A.75.75 0 0 1 8.45 0zM1.78 0h1.83a.75.75 0 0 1 .75.75v10.5a.75.75 0 0 1-.75.75H1.78a.76.76 0 0 1-.78-.75V.75A.76.76 0 0 1 1.78 0z\" fill=\"#282F36\"><\/path>\n    <\/svg>\n            <\/button>\n          <\/a>\n          <a class=\"podcast-list-link\" href=\"https:\/\/creators.spotify.com\/pod\/show\/106c4122c\/embed\/episodes\/Frida-mter-Anna-stling-e34vhf5\" target=\"jesaei_podcast_iframe\" data-audio-url=\"https:\/\/anchor.fm\/s\/106c4122c\/podcast\/play\/104891301\/https%3A%2F%2Fd3ctxlq1ktw2nl.cloudfront.net%2Fstaging%2F2025-6-1%2F403131201-44100-2-a267da1cba421.mp3\" aria-label=\"Frida m\u00f6ter Anna \u00d6stling\">\n            <div class=\"styles__episodeHeading___29q7v\">\n              <div>\n                <div>Frida m\u00f6ter Anna \u00d6stling<\/div>\n              <\/div>\n            <\/div>\n          <\/a>\n          <div class=\"styles__episodeDescription___C3oZg \">\n            <div class=\"styles__expander___1NNVb styles__expander--dark___3Qxhe\">\n              <div>\n                <div class=\"podcast-description\">Avsnitt 2: Ledarskap, lagbygge och modet att satsa \u2013 med seglaren och entrepren\u00f6ren Anna \u00d6stlingI det h\u00e4r avs<span class=\"podcast-description-show-more-btn\" data-full-description=\"&lt;p&gt;&lt;strong&gt;Avsnitt 2: Ledarskap, lagbygge och modet att satsa \u2013 med seglaren och entrepren\u00f6ren Anna \u00d6stling&lt;\/strong&gt;&lt;\/p&gt;&lt;p&gt;I det h\u00e4r avsnittet m\u00f6ter Frida en av svensk seglings mest framst\u00e5ende profiler \u2013 &lt;strong&gt;Anna \u00d6stling&lt;\/strong&gt;, v\u00e4rldstv\u00e5a i matchracing och flerfaldig v\u00e4rldsm\u00e4stare. Men samtalet handlar inte bara om sporten. Vi dyker ner i Annas entrepren\u00f6riella driv, hennes f\u00f6rm\u00e5ga att bygga starka lag och det ideella projektet &lt;strong&gt;Wings&lt;\/strong&gt; \u2013 ett utbildningsprogram som st\u00f6ttar unga tjejer i idrotten att v\u00e4xa som individer, ledare och framtida yrkespersoner.&lt;\/p&gt;&lt;p&gt;Hur skapar man h\u00e5llbara samarbeten med n\u00e4ringslivet? Vad kr\u00e4vs f\u00f6r att kombinera en elitkarri\u00e4r med ett v\u00e4xande socialt initiativ? Och hur v\u00e5gar man satsa \u2013 trots att budgeten \u00e4r tunn och dygnet bara har 24 timmar?&lt;\/p&gt;&lt;p&gt;En inspirerande och \u00e4rlig inblick i livet som elitidrottare, projektledare och f\u00f6r\u00e4ndringskraft.&lt;\/p&gt;&lt;p&gt;&lt;br \/&gt;&lt;\/p&gt;\n\">...<\/span><\/div>\n              <\/div>\n            <\/div>\n          <\/div>\n          <div class=\"styles__episodeDuration___2I0Qb\">00:26:13<\/div>\n          <div class=\"styles__episodeCreated___1zP5p\">July 01, 2025<\/div>\n        <\/div>\n      \n        <div class=\"styles__episodeFeedItem___1U6E2 \">\n          <span class=\"styles__isActiveEpisode___cXlB4\"><\/span>  \n          <a class=\"jesaeip-episode-play-btn podcast-list-link styles__episodeImage___tMifW\" href=\"https:\/\/creators.spotify.com\/pod\/show\/106c4122c\/embed\/episodes\/Frida-mter-Thomas-Rahm-e34u2hc\" target=\"jesaei_podcast_iframe\" aria-label=\"Play Frida m\u00f6ter Thomas Rahm\">\n            <img decoding=\"async\" src=\"https:\/\/d3t3ozftmdmh3i.cloudfront.net\/staging\/podcast_uploaded_episode\/43984803\/43984803-1775806597307-40c9d1a2e26e6.jpg\" alt=\"Frida m\u00f6ter Thomas Rahm\">\n            <button class=\"styles__circle___1g-9u styles__white___372tQ styles__playButton___1Ivi4 styles__playButton___1uaGA\" aria-label=\"Play\" style=\"height: 31px; min-height: 31px; width: 31px; min-width: 31px; border-radius: 16px;\">\n            \n    <svg class=\"jesaeip-episode-play-icon\" xmlns=\"http:\/\/www.w3.org\/2000\/svg\" viewBox=\"-1 0 11 12\" width=\"13\" height=\"13\">\n        <rect width=\"12\" height=\"12\" fill=\"none\"><\/rect>\n        <path d=\"M1 .81v10.38a.76.76 0 0 0 .75.75.67.67 0 0 0 .39-.12l8.42-5.18a.75.75 0 0 0 0-1.28L2.14.18a.75.75 0 0 0-1 .24.79.79 0 0 0-.14.39z\" fill=\"#282F36\"><\/path>\n    <\/svg>\n            \n    <svg class=\"jesaeip-episode-pause-icon\" viewBox=\"0 0 12 12\" xmlns=\"http:\/\/www.w3.org\/2000\/svg\" width=\"13\" height=\"13\" aria-label=\"pause icon\">\n        <rect x=\".03\" width=\"12\" height=\"12\" fill=\"none\"><\/rect>\n        <path d=\"M8.45 0h1.83a.75.75 0 0 1 .72.75v10.5a.75.75 0 0 1-.75.75h-1.8a.75.75 0 0 1-.75-.75V.75A.75.75 0 0 1 8.45 0zM1.78 0h1.83a.75.75 0 0 1 .75.75v10.5a.75.75 0 0 1-.75.75H1.78a.76.76 0 0 1-.78-.75V.75A.76.76 0 0 1 1.78 0z\" fill=\"#282F36\"><\/path>\n    <\/svg>\n            <\/button>\n          <\/a>\n          <a class=\"podcast-list-link\" href=\"https:\/\/creators.spotify.com\/pod\/show\/106c4122c\/embed\/episodes\/Frida-mter-Thomas-Rahm-e34u2hc\" target=\"jesaei_podcast_iframe\" data-audio-url=\"https:\/\/anchor.fm\/s\/106c4122c\/podcast\/play\/104843244\/https%3A%2F%2Fd3ctxlq1ktw2nl.cloudfront.net%2Fstaging%2F2025-6-1%2F403118793-44100-2-bf38a4b9af285.mp3\" aria-label=\"Frida m\u00f6ter Thomas Rahm\">\n            <div class=\"styles__episodeHeading___29q7v\">\n              <div>\n                <div>Frida m\u00f6ter Thomas Rahm<\/div>\n              <\/div>\n            <\/div>\n          <\/a>\n          <div class=\"styles__episodeDescription___C3oZg \">\n            <div class=\"styles__expander___1NNVb styles__expander--dark___3Qxhe\">\n              <div>\n                <div class=\"podcast-description\">Segling, ledarskap och personligutveckling\u2013 med Thomas Rahm, klubbdirekt\u00f6r p\u00e5 GKSSI premi\u00e4ravsnittet av Power<span class=\"podcast-description-show-more-btn\" data-full-description=\"&lt;p&gt;&lt;strong&gt;Segling, ledarskap&lt;\/strong&gt; &lt;strong&gt;och&lt;\/strong&gt; &lt;strong&gt;personligutveckling\u2013 med Thomas Rahm, klubbdirekt\u00f6r p\u00e5 GKSS&lt;\/strong&gt;&lt;\/p&gt;&lt;p&gt;I premi\u00e4ravsnittet av &lt;em&gt;Power &amp;amp; Passion&lt;\/em&gt; g\u00e4stas vi av Thomas Rahm, klubbdirekt\u00f6r f\u00f6r G\u00f6teborgs Kungliga Segels\u00e4llskap (GKSS) vi tar en promenad p\u00e5 dag ett av det ikoniska evenemanget &lt;strong&gt;GKSS Match Cup Sweden&lt;\/strong&gt;. Vi pratar om vilka m\u00f6jlighet sporten ger och och vilka utmaningar som finns f\u00f6r att evenemanget skall forts\u00e4tta utvecklas.&lt;\/p&gt;&lt;p&gt;Hur f\u00e5r man n\u00e4ringslivet att se v\u00e4rdet i att investera i idrotten? Hur bygger man l\u00e5ngsiktiga samarbeten som st\u00e4rker b\u00e5de sporten och samh\u00e4llet? Och vad betyder det egentligen att vara en modern idrottsf\u00f6rening i en kommersiell v\u00e4rld?&lt;\/p&gt;&lt;p&gt;Ett samtal om passion, uth\u00e5llighet \u2013 och nycklarna i ett framg\u00e5ngsrikt ledarskap.&lt;\/p&gt;\n\">...<\/span><\/div>\n              <\/div>\n            <\/div>\n          <\/div>\n          <div class=\"styles__episodeDuration___2I0Qb\">00:33:55<\/div>\n          <div class=\"styles__episodeCreated___1zP5p\">June 30, 2025<\/div>\n        <\/div>\n      <\/div><\/div>\n\t\t\t\t\t\t<\/div>\n\t\t\t\t<\/div>\n\t\t\t\t\t<\/div>\n\t\t\t\t<\/div>\n\t\t<div class=\"elementor-element elementor-element-15effd5 e-flex e-con-boxed e-con e-parent\" data-id=\"15effd5\" data-element_type=\"container\" data-e-type=\"container\">\n\t\t\t\t\t<div class=\"e-con-inner\">\n\t\t\t\t\t\t\t<h2 \n\t\tdata-interaction-id=\"3dac732\" \n\t\tclass=\"e-3dac732-6b06258 e-heading-base\" \n\t\t \n\t\t\n\t>\n\t\n\t\t\tPower &amp; Passion\n\t\t<\/h2>\n\t\t\t\t\t<\/div>\n\t\t\t\t<\/div>\n\t\t\t\t<\/div>\n\t\t","protected":false},"excerpt":{"rendered":"<p>Power &amp; Passion Vi bjuder in f\u00f6retagsledare, idrottare och&nbsp; akademin till samtal om hur idrottens verktyg kan bidra till f\u00f6retagsutveckling [&hellip;]<\/p>\n","protected":false},"author":1,"featured_media":0,"parent":0,"menu_order":0,"comment_status":"closed","ping_status":"closed","template":"","meta":{"site-sidebar-layout":"default","site-content-layout":"","ast-site-content-layout":"default","site-content-style":"default","site-sidebar-style":"default","ast-global-header-display":"","ast-banner-title-visibility":"","ast-main-header-display":"","ast-hfb-above-header-display":"","ast-hfb-below-header-display":"","ast-hfb-mobile-header-display":"","site-post-title":"","ast-breadcrumbs-content":"","ast-featured-img":"","footer-sml-layout":"","ast-disable-related-posts":"","theme-transparent-header-meta":"","adv-header-id-meta":"","stick-header-meta":"","header-above-stick-meta":"","header-main-stick-meta":"","header-below-stick-meta":"","astra-migrate-meta-layouts":"default","ast-page-background-enabled":"default","ast-page-background-meta":{"desktop":{"background-color":"var(--ast-global-color-5)","background-image":"","background-repeat":"repeat","background-position":"center center","background-size":"auto","background-attachment":"scroll","background-type":"","background-media":"","overlay-type":"","overlay-color":"","overlay-opacity":"","overlay-gradient":""},"tablet":{"background-color":"","background-image":"","background-repeat":"repeat","background-position":"center center","background-size":"auto","background-attachment":"scroll","background-type":"","background-media":"","overlay-type":"","overlay-color":"","overlay-opacity":"","overlay-gradient":""},"mobile":{"background-color":"","background-image":"","background-repeat":"repeat","background-position":"center center","background-size":"auto","background-attachment":"scroll","background-type":"","background-media":"","overlay-type":"","overlay-color":"","overlay-opacity":"","overlay-gradient":""}},"ast-content-background-meta":{"desktop":{"background-color":"var(--ast-global-color-4)","background-image":"","background-repeat":"repeat","background-position":"center center","background-size":"auto","background-attachment":"scroll","background-type":"","background-media":"","overlay-type":"","overlay-color":"","overlay-opacity":"","overlay-gradient":""},"tablet":{"background-color":"var(--ast-global-color-4)","background-image":"","background-repeat":"repeat","background-position":"center center","background-size":"auto","background-attachment":"scroll","background-type":"","background-media":"","overlay-type":"","overlay-color":"","overlay-opacity":"","overlay-gradient":""},"mobile":{"background-color":"var(--ast-global-color-4)","background-image":"","background-repeat":"repeat","background-position":"center center","background-size":"auto","background-attachment":"scroll","background-type":"","background-media":"","overlay-type":"","overlay-color":"","overlay-opacity":"","overlay-gradient":""}},"footnotes":""},"class_list":["post-13","page","type-page","status-publish","hentry"],"_links":{"self":[{"href":"https:\/\/www.powerandpassion.se\/index.php?rest_route=\/wp\/v2\/pages\/13","targetHints":{"allow":["GET"]}}],"collection":[{"href":"https:\/\/www.powerandpassion.se\/index.php?rest_route=\/wp\/v2\/pages"}],"about":[{"href":"https:\/\/www.powerandpassion.se\/index.php?rest_route=\/wp\/v2\/types\/page"}],"author":[{"embeddable":true,"href":"https:\/\/www.powerandpassion.se\/index.php?rest_route=\/wp\/v2\/users\/1"}],"replies":[{"embeddable":true,"href":"https:\/\/www.powerandpassion.se\/index.php?rest_route=%2Fwp%2Fv2%2Fcomments&post=13"}],"version-history":[{"count":130,"href":"https:\/\/www.powerandpassion.se\/index.php?rest_route=\/wp\/v2\/pages\/13\/revisions"}],"predecessor-version":[{"id":174,"href":"https:\/\/www.powerandpassion.se\/index.php?rest_route=\/wp\/v2\/pages\/13\/revisions\/174"}],"wp:attachment":[{"href":"https:\/\/www.powerandpassion.se\/index.php?rest_route=%2Fwp%2Fv2%2Fmedia&parent=13"}],"curies":[{"name":"wp","href":"https:\/\/api.w.org\/{rel}","templated":true}]}}